{"id":119,"date":"2025-04-02T13:38:47","date_gmt":"2025-04-02T11:38:47","guid":{"rendered":"https:\/\/kipu-verlag.de\/?page_id=119"},"modified":"2025-08-02T18:02:56","modified_gmt":"2025-08-02T16:02:56","slug":"unsere-reihen","status":"publish","type":"page","link":"https:\/\/www.kipu-verlag.de\/es\/unsere-reihen\/","title":{"rendered":"Kipu-Series"},"content":{"rendered":"<div class=\"wp-block-group has-global-padding is-layout-constrained wp-block-group-is-layout-constrained\">\n<div class=\"wp-block-group is-layout-flow wp-block-group-is-layout-flow\">\n<p class=\"has-medium-font-size\">Las series publicadas por Kipu-Verlag desempe\u00f1an importantes funciones de moderaci\u00f3n y curaci\u00f3n. Los editores determinan el enfoque tem\u00e1tico y garantizan la coherencia entre las publicaciones. Algunas series representan proyectos de investigaci\u00f3n completados, mientras que otras est\u00e1n en curso. <\/p>\n<\/div>\n<\/div>\n\n\n\n<div id=\"Ensayos-Interamericanos\" class=\"wp-block-group has-global-padding is-layout-constrained wp-block-group-is-layout-constrained\" style=\"margin-bottom:var(--wp--preset--spacing--80)\">\n<div class=\"wp-block-cover alignfull is-light kipu-bg-gray\"><span aria-hidden=\"true\" class=\"wp-block-cover__background has-background-dim\" style=\"background-color:#FFF\"><\/span><div class=\"wp-block-cover__inner-container has-global-padding is-layout-constrained wp-block-cover-is-layout-constrained\">\n<div class=\"wp-block-group alignwide has-global-padding is-content-justification-center is-layout-constrained wp-block-group-is-layout-constrained\">\n<div class=\"wp-block-group alignwide has-global-padding is-content-justification-left is-layout-constrained wp-container-core-group-is-layout-12dd3699 wp-block-group-is-layout-constrained\">\n<div class=\"wp-block-group is-layout-flow wp-block-group-is-layout-flow\">\n<h2 class=\"wp-block-heading h1 fw-color-primary\">Ensayos Interamericanos<\/h2>\n\n\n\n<p class=\"has-text-align-left\">La serie Ensayos Interamericanos recopila los trabajos de investigaci\u00f3n del proyecto \u00abLas Am\u00e9ricas como espacio de entrelazamiento\u00bb. Los ensayos largos est\u00e1n escritos en alem\u00e1n y espa\u00f1ol, y las versiones en ingl\u00e9s han sido publicadas por New Orleans University Press. Los Ensayos Interamericanos son editados por Wilfried Raussert y Olaf Kaltmeier.<\/p>\n<\/div>\n<\/div>\n\n\n\n<div class=\"wp-block-group alignwide hscroller has-global-padding is-content-justification-center is-layout-constrained wp-block-group-is-layout-constrained\">\n<div class=\"wp-block-query alignwide hscroller is-layout-flow wp-block-query-is-layout-flow\"><ul class=\"columns-15 wp-block-post-template is-layout-grid wp-container-core-post-template-is-layout-d12c94cb wp-block-post-template-is-layout-grid\"><li class=\"wp-block-post post-527 buch type-buch status-publish format-standard has-post-thumbnail hentry category-ensayos-interamericanos tag-america tag-estudios-interamericanos tag-historia tag-nuevo-mundo tag-temporalidades autor_in-michael-joachim\">\n\n<div class=\"wp-block-group fw-overlay is-layout-flow wp-block-group-is-layout-flow\"><figure class=\"wp-block-post-featured-image\"><img loading=\"lazy\" decoding=\"async\" width=\"352\" height=\"500\" src=\"https:\/\/www.kipu-verlag.de\/wp-content\/uploads\/La_constitucion_temporal_de_America_en_el_siglo_XVI__el_pasado_del_futuro.webp\" class=\"attachment-post-thumbnail size-post-thumbnail wp-post-image\" alt=\"La constitucio\u0301n temporal de Ame\u0301rica en el siglo XVI. El pasado del futuro\" style=\"object-fit:cover;\" srcset=\"https:\/\/www.kipu-verlag.de\/wp-content\/uploads\/La_constitucion_temporal_de_America_en_el_siglo_XVI__el_pasado_del_futuro.webp 352w, https:\/\/www.kipu-verlag.de\/wp-content\/uploads\/La_constitucion_temporal_de_America_en_el_siglo_XVI__el_pasado_del_futuro-211x300.webp 211w, https:\/\/www.kipu-verlag.de\/wp-content\/uploads\/La_constitucion_temporal_de_America_en_el_siglo_XVI__el_pasado_del_futuro-106x150.webp 106w, https:\/\/www.kipu-verlag.de\/wp-content\/uploads\/La_constitucion_temporal_de_America_en_el_siglo_XVI__el_pasado_del_futuro-8x12.webp 8w\" sizes=\"auto, (max-width: 352px) 100vw, 352px\" \/><\/figure>\n\n\n<div class=\"wp-block-group has-global-padding is-layout-constrained wp-block-group-is-layout-constrained\"><h3 class=\"wp-block-post-title has-large-font-size\"><a href=\"https:\/\/www.kipu-verlag.de\/es\/buch\/la-constitucion-temporal-de-america-en-el-siglo-xvi-el-pasado-del-futuro\/\" target=\"_self\" >La constituci\u00f3n temporal de Am\u00e9rica en el siglo XVI<\/a><\/h3>\n\n<p>El pasado del futuro<\/p>\n<\/div>\n<\/div>\n\n<\/li><li class=\"wp-block-post post-524 buch type-buch status-publish format-standard has-post-thumbnail hentry category-ensayos-interamericanos tag-familia tag-juventud tag-migracion tag-perspectiva-decolonial tag-pewenche autor_in-giebeler-cornelia\">\n\n<div class=\"wp-block-group fw-overlay is-layout-flow wp-block-group-is-layout-flow\"><figure class=\"wp-block-post-featured-image\"><img loading=\"lazy\" decoding=\"async\" width=\"352\" height=\"500\" src=\"https:\/\/www.kipu-verlag.de\/wp-content\/uploads\/Migraciones_y_Familias_InterAmericanas.webp\" class=\"attachment-post-thumbnail size-post-thumbnail wp-post-image\" alt=\"Migraciones y Familias InterAmericanas. Testimonios: sufrimientos y esperanzas en tr\u00e1nsitos por M\u00e9xico y desplazamientos en Chile \u2013 una perspectiva decolonial\" style=\"object-fit:cover;\" srcset=\"https:\/\/www.kipu-verlag.de\/wp-content\/uploads\/Migraciones_y_Familias_InterAmericanas.webp 352w, https:\/\/www.kipu-verlag.de\/wp-content\/uploads\/Migraciones_y_Familias_InterAmericanas-211x300.webp 211w, https:\/\/www.kipu-verlag.de\/wp-content\/uploads\/Migraciones_y_Familias_InterAmericanas-106x150.webp 106w, https:\/\/www.kipu-verlag.de\/wp-content\/uploads\/Migraciones_y_Familias_InterAmericanas-8x12.webp 8w\" sizes=\"auto, (max-width: 352px) 100vw, 352px\" \/><\/figure>\n\n\n<div class=\"wp-block-group has-global-padding is-layout-constrained wp-block-group-is-layout-constrained\"><h3 class=\"wp-block-post-title has-large-font-size\"><a href=\"https:\/\/www.kipu-verlag.de\/es\/buch\/migraciones-y-familias-interamericanas\/\" target=\"_self\" >Migraciones y Familias InterAmericanas<\/a><\/h3>\n\n<p>Testimonios: sufrimientos y esperanzas en tr\u00e1nsitos por M\u00e9xico y desplazamientos en Chile &#8211; una perspectiva decolonial<\/p>\n<\/div>\n<\/div>\n\n<\/li><li class=\"wp-block-post post-521 buch type-buch status-publish format-standard has-post-thumbnail hentry category-ensayos-interamericanos tag-dialectica-de-in-movilidad tag-ferropaisajes tag-geometrias-de-poder tag-imaginacion-historica tag-movilidad-y-lo-social autor_in-ravasio-paola\">\n\n<div class=\"wp-block-group fw-overlay is-layout-flow wp-block-group-is-layout-flow\"><figure class=\"wp-block-post-featured-image\"><img loading=\"lazy\" decoding=\"async\" width=\"352\" height=\"500\" src=\"https:\/\/www.kipu-verlag.de\/wp-content\/uploads\/Este_tren_no_esta_destinado_a_la_gloria.webp\" class=\"attachment-post-thumbnail size-post-thumbnail wp-post-image\" alt=\"Este tren no esta\u0301 destinado a la gloria. Un estudio de ferropaisajes literarios\" style=\"object-fit:cover;\" srcset=\"https:\/\/www.kipu-verlag.de\/wp-content\/uploads\/Este_tren_no_esta_destinado_a_la_gloria.webp 352w, https:\/\/www.kipu-verlag.de\/wp-content\/uploads\/Este_tren_no_esta_destinado_a_la_gloria-211x300.webp 211w, https:\/\/www.kipu-verlag.de\/wp-content\/uploads\/Este_tren_no_esta_destinado_a_la_gloria-106x150.webp 106w, https:\/\/www.kipu-verlag.de\/wp-content\/uploads\/Este_tren_no_esta_destinado_a_la_gloria-8x12.webp 8w\" sizes=\"auto, (max-width: 352px) 100vw, 352px\" \/><\/figure>\n\n\n<div class=\"wp-block-group has-global-padding is-layout-constrained wp-block-group-is-layout-constrained\"><h3 class=\"wp-block-post-title has-large-font-size\"><a href=\"https:\/\/www.kipu-verlag.de\/es\/buch\/este-tren-no-esta-destinado-a-la-gloria\/\" target=\"_self\" >Este tren no est\u00e1 destinado a la gloria<\/a><\/h3>\n\n<p>Un estudio de ferropaisajes literarios<\/p>\n<\/div>\n<\/div>\n\n<\/li><li class=\"wp-block-post post-509 buch type-buch status-publish format-standard has-post-thumbnail hentry category-ensayos-interamericanos tag-entrelazamientos-interamericanos tag-pentecostalismo tag-politica tag-praxeologia tag-religion autor_in-schaefer-heinrich-wilhelm\">\n\n<div class=\"wp-block-group fw-overlay is-layout-flow wp-block-group-is-layout-flow\"><figure class=\"wp-block-post-featured-image\"><img loading=\"lazy\" decoding=\"async\" width=\"352\" height=\"500\" src=\"https:\/\/www.kipu-verlag.de\/wp-content\/uploads\/Las_sectas_protestantes_y_el_espiritu_del_anti-_imperialismo.webp\" class=\"attachment-post-thumbnail size-post-thumbnail wp-post-image\" alt=\"Las &#039;sectas&#039; protestantes y el espi\u0301ritu del (anti-) imperialismo. Entrelazamientos religiosos en las Am\u00e9ricas\" style=\"object-fit:cover;\" srcset=\"https:\/\/www.kipu-verlag.de\/wp-content\/uploads\/Las_sectas_protestantes_y_el_espiritu_del_anti-_imperialismo.webp 352w, https:\/\/www.kipu-verlag.de\/wp-content\/uploads\/Las_sectas_protestantes_y_el_espiritu_del_anti-_imperialismo-211x300.webp 211w, https:\/\/www.kipu-verlag.de\/wp-content\/uploads\/Las_sectas_protestantes_y_el_espiritu_del_anti-_imperialismo-106x150.webp 106w, https:\/\/www.kipu-verlag.de\/wp-content\/uploads\/Las_sectas_protestantes_y_el_espiritu_del_anti-_imperialismo-8x12.webp 8w\" sizes=\"auto, (max-width: 352px) 100vw, 352px\" \/><\/figure>\n\n\n<div class=\"wp-block-group has-global-padding is-layout-constrained wp-block-group-is-layout-constrained\"><h3 class=\"wp-block-post-title has-large-font-size\"><a href=\"https:\/\/www.kipu-verlag.de\/es\/buch\/las-sectas-protestantes-y-el-espiritu-del-anti-imperialismo\/\" target=\"_self\" >Las &#8217;sectas&#8216; protestantes y el esp\u00edritu del (anti-) imperialismo<\/a><\/h3>\n\n<p>Entrelazamientos religiosos en las Am\u00e9ricas<\/p>\n<\/div>\n<\/div>\n\n<\/li><li class=\"wp-block-post post-518 buch type-buch status-publish format-standard has-post-thumbnail hentry category-ensayos-interamericanos tag-arte-callejero tag-espacio-publico tag-las-americas tag-lo-social tag-practicas-artisticas autor_in-raussert-wilfried\">\n\n<div class=\"wp-block-group fw-overlay is-layout-flow wp-block-group-is-layout-flow\"><figure class=\"wp-block-post-featured-image\"><img loading=\"lazy\" decoding=\"async\" width=\"352\" height=\"500\" src=\"https:\/\/www.kipu-verlag.de\/wp-content\/uploads\/\u00bfHasta_donde_llega_la_calle_.webp\" class=\"attachment-post-thumbnail size-post-thumbnail wp-post-image\" alt=\"\u00bfHasta do\u0301nde llega la calle? Pr\u00e1cticas art\u00edsticas y el espacio p\u00fablico\" style=\"object-fit:cover;\" srcset=\"https:\/\/www.kipu-verlag.de\/wp-content\/uploads\/\u00bfHasta_donde_llega_la_calle_.webp 352w, https:\/\/www.kipu-verlag.de\/wp-content\/uploads\/\u00bfHasta_donde_llega_la_calle_-211x300.webp 211w, https:\/\/www.kipu-verlag.de\/wp-content\/uploads\/\u00bfHasta_donde_llega_la_calle_-106x150.webp 106w, https:\/\/www.kipu-verlag.de\/wp-content\/uploads\/\u00bfHasta_donde_llega_la_calle_-8x12.webp 8w\" sizes=\"auto, (max-width: 352px) 100vw, 352px\" \/><\/figure>\n\n\n<div class=\"wp-block-group has-global-padding is-layout-constrained wp-block-group-is-layout-constrained\"><h3 class=\"wp-block-post-title has-large-font-size\"><a href=\"https:\/\/www.kipu-verlag.de\/es\/buch\/hasta-donde-llega-la-calle\/\" target=\"_self\" >\u00bfHasta d\u00f3nde llega la calle?<\/a><\/h3>\n\n<p>Pr\u00e1cticas art\u00edsticas y el espacio p\u00fablico<\/p>\n<\/div>\n<\/div>\n\n<\/li><li class=\"wp-block-post post-506 buch type-buch status-publish format-standard has-post-thumbnail hentry category-ensayos-interamericanos tag-globales-lernen tag-historisches-lernen tag-postkoloniale-theorie tag-verflechtungsgeschichte autor_in-schwabe-nicole\">\n\n<div class=\"wp-block-group fw-overlay is-layout-flow wp-block-group-is-layout-flow\"><figure class=\"wp-block-post-featured-image\"><img loading=\"lazy\" decoding=\"async\" width=\"352\" height=\"500\" src=\"https:\/\/www.kipu-verlag.de\/wp-content\/uploads\/Geschichtsunterricht_de-zentrieren.webp\" class=\"attachment-post-thumbnail size-post-thumbnail wp-post-image\" alt=\"Geschichtsunterricht de-zentrieren. Globale Verflechtungen historisch denken lernen\" style=\"object-fit:cover;\" srcset=\"https:\/\/www.kipu-verlag.de\/wp-content\/uploads\/Geschichtsunterricht_de-zentrieren.webp 352w, https:\/\/www.kipu-verlag.de\/wp-content\/uploads\/Geschichtsunterricht_de-zentrieren-211x300.webp 211w, https:\/\/www.kipu-verlag.de\/wp-content\/uploads\/Geschichtsunterricht_de-zentrieren-106x150.webp 106w, https:\/\/www.kipu-verlag.de\/wp-content\/uploads\/Geschichtsunterricht_de-zentrieren-8x12.webp 8w\" sizes=\"auto, (max-width: 352px) 100vw, 352px\" \/><\/figure>\n\n\n<div class=\"wp-block-group has-global-padding is-layout-constrained wp-block-group-is-layout-constrained\"><h3 class=\"wp-block-post-title has-large-font-size\"><a href=\"https:\/\/www.kipu-verlag.de\/es\/buch\/geschichtsunterricht-de-zentrieren\/\" target=\"_self\" >Geschichtsunterricht de-zentrieren<\/a><\/h3>\n\n<p>Globale Verflechtungen historisch denken lernen<\/p>\n<\/div>\n<\/div>\n\n<\/li><li class=\"wp-block-post post-513 buch type-buch status-publish format-standard has-post-thumbnail hentry category-ensayos-interamericanos tag-caribe tag-clima tag-estudios-poscoloniales tag-historia-del-medio-ambiente tag-historia-entrelazada autor_in-rohland-eleonora\">\n\n<div class=\"wp-block-group fw-overlay is-layout-flow wp-block-group-is-layout-flow\"><figure class=\"wp-block-post-featured-image\"><img loading=\"lazy\" decoding=\"async\" width=\"352\" height=\"500\" src=\"https:\/\/www.kipu-verlag.de\/wp-content\/uploads\/\u00bfHistoria_entrelazada_y_el_medio_ambiente_.webp\" class=\"attachment-post-thumbnail size-post-thumbnail wp-post-image\" alt=\"Historia entrelazada y el medio ambiente. Transformaciones socioambientales en el Caribe, 1492-1800\" style=\"object-fit:cover;\" srcset=\"https:\/\/www.kipu-verlag.de\/wp-content\/uploads\/\u00bfHistoria_entrelazada_y_el_medio_ambiente_.webp 352w, https:\/\/www.kipu-verlag.de\/wp-content\/uploads\/\u00bfHistoria_entrelazada_y_el_medio_ambiente_-211x300.webp 211w, https:\/\/www.kipu-verlag.de\/wp-content\/uploads\/\u00bfHistoria_entrelazada_y_el_medio_ambiente_-106x150.webp 106w, https:\/\/www.kipu-verlag.de\/wp-content\/uploads\/\u00bfHistoria_entrelazada_y_el_medio_ambiente_-8x12.webp 8w\" sizes=\"auto, (max-width: 352px) 100vw, 352px\" \/><\/figure>\n\n\n<div class=\"wp-block-group has-global-padding is-layout-constrained wp-block-group-is-layout-constrained\"><h3 class=\"wp-block-post-title has-large-font-size\"><a href=\"https:\/\/www.kipu-verlag.de\/es\/buch\/historia-entrelazada-y-el-medio-ambiente\/\" target=\"_self\" >\u00bfHistoria entrelazada y el medio ambiente?<\/a><\/h3>\n\n<p>Transformaciones socioambientales en el Caribe, 1492-1800<\/p>\n<\/div>\n<\/div>\n\n<\/li><li class=\"wp-block-post post-500 buch type-buch status-publish format-standard has-post-thumbnail hentry category-ensayos-interamericanos tag-anti-ideologia-de-genero tag-etno-sexismo tag-interseccionalidad tag-movimientos-feministas tag-populismo-de-derecha-y-genero autor_in-roth-julia\">\n\n<div class=\"wp-block-group fw-overlay is-layout-flow wp-block-group-is-layout-flow\"><figure class=\"wp-block-post-featured-image\"><img loading=\"lazy\" decoding=\"async\" width=\"352\" height=\"500\" src=\"https:\/\/www.kipu-verlag.de\/wp-content\/uploads\/Puede-el-feminismo-vencer-al-populismo.jpeg\" class=\"attachment-post-thumbnail size-post-thumbnail wp-post-image\" alt=\"\u00bfPuede el feminismo vencer al populismo? Avances populistas de derecha y contestaciones interseccionales en las Am\u00e9ricas\" style=\"object-fit:cover;\" srcset=\"https:\/\/www.kipu-verlag.de\/wp-content\/uploads\/Puede-el-feminismo-vencer-al-populismo.jpeg 352w, https:\/\/www.kipu-verlag.de\/wp-content\/uploads\/Puede-el-feminismo-vencer-al-populismo-211x300.jpeg 211w, https:\/\/www.kipu-verlag.de\/wp-content\/uploads\/Puede-el-feminismo-vencer-al-populismo-106x150.jpeg 106w, https:\/\/www.kipu-verlag.de\/wp-content\/uploads\/Puede-el-feminismo-vencer-al-populismo-8x12.jpeg 8w\" sizes=\"auto, (max-width: 352px) 100vw, 352px\" \/><\/figure>\n\n\n<div class=\"wp-block-group has-global-padding is-layout-constrained wp-block-group-is-layout-constrained\"><h3 class=\"wp-block-post-title has-large-font-size\"><a href=\"https:\/\/www.kipu-verlag.de\/es\/buch\/puede-el-feminismo-vencer-al-populismo\/\" target=\"_self\" >\u00bfPuede el feminismo vencer al populismo?<\/a><\/h3>\n\n<p>Avances populistas de derecha y contestaciones interseccionales en las Am\u00e9ricas<\/p>\n<\/div>\n<\/div>\n\n<\/li><li class=\"wp-block-post post-503 buch type-buch status-publish format-standard has-post-thumbnail hentry category-ensayos-interamericanos tag-chinos-en-ultramar tag-migracion-transnacional tag-racismo tag-resiliencia tag-xenofobia autor_in-manke-albert\">\n\n<div class=\"wp-block-group fw-overlay is-layout-flow wp-block-group-is-layout-flow\"><figure class=\"wp-block-post-featured-image\"><img loading=\"lazy\" decoding=\"async\" width=\"352\" height=\"500\" src=\"https:\/\/www.kipu-verlag.de\/wp-content\/uploads\/Haciendo_frente_a_la_discriminacion_y_a_la_exclusion.webp\" class=\"attachment-post-thumbnail size-post-thumbnail wp-post-image\" alt=\"Haciendo frente a la discriminacio\u0301n y a la exclusio\u0301n. Las experiencias de migrantes chinos libres en las Am\u00e9ricas desde una perspectiva transregional y diacr\u00f3nica\" style=\"object-fit:cover;\" srcset=\"https:\/\/www.kipu-verlag.de\/wp-content\/uploads\/Haciendo_frente_a_la_discriminacion_y_a_la_exclusion.webp 352w, https:\/\/www.kipu-verlag.de\/wp-content\/uploads\/Haciendo_frente_a_la_discriminacion_y_a_la_exclusion-211x300.webp 211w, https:\/\/www.kipu-verlag.de\/wp-content\/uploads\/Haciendo_frente_a_la_discriminacion_y_a_la_exclusion-106x150.webp 106w, https:\/\/www.kipu-verlag.de\/wp-content\/uploads\/Haciendo_frente_a_la_discriminacion_y_a_la_exclusion-8x12.webp 8w\" sizes=\"auto, (max-width: 352px) 100vw, 352px\" \/><\/figure>\n\n\n<div class=\"wp-block-group has-global-padding is-layout-constrained wp-block-group-is-layout-constrained\"><h3 class=\"wp-block-post-title has-large-font-size\"><a href=\"https:\/\/www.kipu-verlag.de\/es\/buch\/haciendo-frente-a-la-discriminacion-y-a-la-exclusion\/\" target=\"_self\" >Haciendo frente a la discriminaci\u00f3n y a la exclusi\u00f3n<\/a><\/h3>\n\n<p>Las experiencias de migrantes chinos libres en las Am\u00e9ricas desde una perspectiva transregional y diacr\u00f3nica<\/p>\n<\/div>\n<\/div>\n\n<\/li><li class=\"wp-block-post post-493 buch type-buch status-publish format-standard has-post-thumbnail hentry category-ensayos-interamericanos tag-blogs tag-migracion tag-narracion tag-temporalidad autor_in-frank-job-barbara\">\n\n<div class=\"wp-block-group fw-overlay is-layout-flow wp-block-group-is-layout-flow\"><figure class=\"wp-block-post-featured-image\"><img loading=\"lazy\" decoding=\"async\" width=\"352\" height=\"500\" src=\"https:\/\/www.kipu-verlag.de\/wp-content\/uploads\/La-Migracion-como-Proceso.jpeg\" class=\"attachment-post-thumbnail size-post-thumbnail wp-post-image\" alt=\"La Migracion como Proceso. El Concepto de Temporalidad en Blogs de Migrantes Latinoamericanos a Quebec\" style=\"object-fit:cover;\" srcset=\"https:\/\/www.kipu-verlag.de\/wp-content\/uploads\/La-Migracion-como-Proceso.jpeg 352w, https:\/\/www.kipu-verlag.de\/wp-content\/uploads\/La-Migracion-como-Proceso-211x300.jpeg 211w, https:\/\/www.kipu-verlag.de\/wp-content\/uploads\/La-Migracion-como-Proceso-106x150.jpeg 106w, https:\/\/www.kipu-verlag.de\/wp-content\/uploads\/La-Migracion-como-Proceso-8x12.jpeg 8w\" sizes=\"auto, (max-width: 352px) 100vw, 352px\" \/><\/figure>\n\n\n<div class=\"wp-block-group has-global-padding is-layout-constrained wp-block-group-is-layout-constrained\"><h3 class=\"wp-block-post-title has-large-font-size\"><a href=\"https:\/\/www.kipu-verlag.de\/es\/buch\/la-migracion-como-proceso\/\" target=\"_self\" >La Migraci\u00f3n como Proceso<\/a><\/h3>\n\n<p>El Concepto de Temporalidad en Blogs de Migrantes Latinoamericanos a Quebec<\/p>\n<\/div>\n<\/div>\n\n<\/li><li class=\"wp-block-post post-403 buch type-buch status-publish format-standard has-post-thumbnail hentry category-ensayos-interamericanos autor_in-raussert-wilfried\">\n\n<div class=\"wp-block-group fw-overlay is-layout-flow wp-block-group-is-layout-flow\"><figure class=\"wp-block-post-featured-image\"><img loading=\"lazy\" decoding=\"async\" width=\"352\" height=\"500\" src=\"https:\/\/www.kipu-verlag.de\/wp-content\/uploads\/Raussert_Que-esta-pasando.jpg\" class=\"attachment-post-thumbnail size-post-thumbnail wp-post-image\" alt=\"\u00bfQu\u00e9 est\u00e1 pasando? C\u00f3mo la m\u00fasica le da forma a lo social\" style=\"object-fit:cover;\" srcset=\"https:\/\/www.kipu-verlag.de\/wp-content\/uploads\/Raussert_Que-esta-pasando.jpg 352w, https:\/\/www.kipu-verlag.de\/wp-content\/uploads\/Raussert_Que-esta-pasando-211x300.jpg 211w, https:\/\/www.kipu-verlag.de\/wp-content\/uploads\/Raussert_Que-esta-pasando-106x150.jpg 106w, https:\/\/www.kipu-verlag.de\/wp-content\/uploads\/Raussert_Que-esta-pasando-8x12.jpg 8w\" sizes=\"auto, (max-width: 352px) 100vw, 352px\" \/><\/figure>\n\n\n<div class=\"wp-block-group has-global-padding is-layout-constrained wp-block-group-is-layout-constrained\"><h3 class=\"wp-block-post-title has-large-font-size\"><a href=\"https:\/\/www.kipu-verlag.de\/es\/buch\/que-esta-pasando\/\" target=\"_self\" >\u00bfQue esta pasando?<\/a><\/h3>\n\n<p>C\u00f3mo la m\u00fasica le da forma a lo social<\/p>\n<\/div>\n<\/div>\n\n<\/li><li class=\"wp-block-post post-406 buch type-buch status-publish format-standard has-post-thumbnail hentry category-ensayos-interamericanos tag-argentinien tag-kolonisation tag-lateinamerika tag-nationalparks tag-umweltgeschichte autor_in-kaltmeier-olaf\">\n\n<div class=\"wp-block-group fw-overlay is-layout-flow wp-block-group-is-layout-flow\"><figure class=\"wp-block-post-featured-image\"><img loading=\"lazy\" decoding=\"async\" width=\"352\" height=\"500\" src=\"https:\/\/www.kipu-verlag.de\/wp-content\/uploads\/Kaltmeier_Nationalparks_von_Nord_bis_Sued.webp\" class=\"attachment-post-thumbnail size-post-thumbnail wp-post-image\" alt=\"Nationalparks von Nord bis Su\u0308d. Eine transnationale Verflechtungsgeschichte von Naturschutz und Kolonialisierung in Argentinien\" style=\"object-fit:cover;\" srcset=\"https:\/\/www.kipu-verlag.de\/wp-content\/uploads\/Kaltmeier_Nationalparks_von_Nord_bis_Sued.webp 352w, https:\/\/www.kipu-verlag.de\/wp-content\/uploads\/Kaltmeier_Nationalparks_von_Nord_bis_Sued-211x300.webp 211w, https:\/\/www.kipu-verlag.de\/wp-content\/uploads\/Kaltmeier_Nationalparks_von_Nord_bis_Sued-106x150.webp 106w, https:\/\/www.kipu-verlag.de\/wp-content\/uploads\/Kaltmeier_Nationalparks_von_Nord_bis_Sued-8x12.webp 8w\" sizes=\"auto, (max-width: 352px) 100vw, 352px\" \/><\/figure>\n\n\n<div class=\"wp-block-group has-global-padding is-layout-constrained wp-block-group-is-layout-constrained\"><h3 class=\"wp-block-post-title has-large-font-size\"><a href=\"https:\/\/www.kipu-verlag.de\/es\/buch\/nationalparks-von-nord-bis-sued\/\" target=\"_self\" >Nationalparks von Nord bis S\u00fcd<\/a><\/h3>\n\n<p>Eine transnationale Verflechtungsgeschichte von Naturschutz und Kolonialisierung in Argentinien<\/p>\n<\/div>\n<\/div>\n\n<\/li><\/ul><\/div>\n\n\n\n<div class=\"wp-block-buttons alignwide is-content-justification-left is-layout-flex wp-container-core-buttons-is-layout-fc4fd283 wp-block-buttons-is-layout-flex\">\n<div class=\"wp-block-button is-style-outline is-style-outline--1\"><a class=\"wp-block-button__link wp-element-button\" href=\"\/es\/reihe\/ensayos-interamericanos\/\">A la serie<\/a><\/div>\n<\/div>\n<\/div>\n<\/div>\n<\/div><\/div>\n<\/div>\n\n\n\n<div id=\"Masterarbeiten\" class=\"wp-block-group has-global-padding is-layout-constrained wp-block-group-is-layout-constrained\" style=\"margin-bottom:var(--wp--preset--spacing--80)\">\n<div class=\"wp-block-group alignwide has-global-padding is-content-justification-left is-layout-constrained wp-container-core-group-is-layout-12dd3699 wp-block-group-is-layout-constrained\">\n<div class=\"wp-block-group is-layout-flow wp-block-group-is-layout-flow\">\n<h2 class=\"wp-block-heading alignwide has-text-align-left h1 fw-color-primary\">Tesis de maestr\u00eda en Estudios Interamericanos<\/h2>\n\n\n\n<p class=\"has-text-align-left\">La serie de tesis de m\u00e1ster en Estudios Interamericanos publica las mejores tesis sobre temas interamericanos que se premian cada dos a\u00f1os en la Universidad de Bielefeld. Un jurado selecciona a los ganadores en colaboraci\u00f3n con el Centro de Estudios Interamericanos.<br>Editorxs: Consejo editorial de Kipu-Verlag.<\/p>\n\n\n\n<p class=\"has-text-align-left\"><\/p>\n<\/div>\n\n\n\n<div class=\"wp-block-group alignwide hscroller is-layout-flow wp-block-group-is-layout-flow\">\n<div class=\"wp-block-query hscroller is-layout-flow wp-block-query-is-layout-flow\"><ul class=\"columns-15 wp-block-post-template is-layout-grid wp-container-core-post-template-is-layout-d12c94cb wp-block-post-template-is-layout-grid\"><li class=\"wp-block-post post-1485 buch type-buch status-publish format-standard has-post-thumbnail hentry category-masterarbeiten-interamerikanische-studien tag-cultural-studies tag-identity tag-linguistics tag-migration tag-mobility autor_in-ann-kathrin-lauer\">\n\n<div class=\"wp-block-group fw-overlay is-layout-flow wp-block-group-is-layout-flow\"><figure class=\"wp-block-post-featured-image\"><img loading=\"lazy\" decoding=\"async\" width=\"1617\" height=\"2560\" src=\"https:\/\/www.kipu-verlag.de\/wp-content\/uploads\/portada-Lauer-final-Ebook-for-Webpage_Seite_1-scaled.jpg\" class=\"attachment-post-thumbnail size-post-thumbnail wp-post-image\" alt=\"\" style=\"object-fit:cover;\" srcset=\"https:\/\/www.kipu-verlag.de\/wp-content\/uploads\/portada-Lauer-final-Ebook-for-Webpage_Seite_1-scaled.jpg 1617w, https:\/\/www.kipu-verlag.de\/wp-content\/uploads\/portada-Lauer-final-Ebook-for-Webpage_Seite_1-190x300.jpg 190w, https:\/\/www.kipu-verlag.de\/wp-content\/uploads\/portada-Lauer-final-Ebook-for-Webpage_Seite_1-647x1024.jpg 647w, https:\/\/www.kipu-verlag.de\/wp-content\/uploads\/portada-Lauer-final-Ebook-for-Webpage_Seite_1-95x150.jpg 95w, https:\/\/www.kipu-verlag.de\/wp-content\/uploads\/portada-Lauer-final-Ebook-for-Webpage_Seite_1-768x1216.jpg 768w, https:\/\/www.kipu-verlag.de\/wp-content\/uploads\/portada-Lauer-final-Ebook-for-Webpage_Seite_1-970x1536.jpg 970w, https:\/\/www.kipu-verlag.de\/wp-content\/uploads\/portada-Lauer-final-Ebook-for-Webpage_Seite_1-1294x2048.jpg 1294w, https:\/\/www.kipu-verlag.de\/wp-content\/uploads\/portada-Lauer-final-Ebook-for-Webpage_Seite_1-8x12.jpg 8w\" sizes=\"auto, (max-width: 1617px) 100vw, 1617px\" \/><\/figure>\n\n\n<div class=\"wp-block-group has-global-padding is-layout-constrained wp-block-group-is-layout-constrained\"><h3 class=\"wp-block-post-title has-large-font-size\"><a href=\"https:\/\/www.kipu-verlag.de\/es\/buch\/mobility-and-transculturation-in-the-americas\/\" target=\"_self\" >Mobility and Transculturation in the Americas<\/a><\/h3>\n\n<p>Cultural and Linguistic Identity of Saman\u00e1 Americans Since the 19th Century<\/p>\n<\/div>\n<\/div>\n\n<\/li><li class=\"wp-block-post post-550 buch type-buch status-publish format-standard has-post-thumbnail hentry category-masterarbeiten-interamerikanische-studien tag-brazil tag-interamerican-studies tag-sampling tag-sonic-cosmopolitanism tag-u-s-hip-hop autor_in-kreher-stephan\">\n\n<div class=\"wp-block-group fw-overlay is-layout-flow wp-block-group-is-layout-flow\"><figure class=\"wp-block-post-featured-image\"><img loading=\"lazy\" decoding=\"async\" width=\"316\" height=\"500\" src=\"https:\/\/www.kipu-verlag.de\/wp-content\/uploads\/Black_Atlantic_Hybrids__Samples_of_Brazilian_Music_of_the_1960s_and_1970s_in_U.S._American_Hip_Hop.webp\" class=\"attachment-post-thumbnail size-post-thumbnail wp-post-image\" alt=\"Black Atlantic Hybrids: Samples of Brazilian Music of the 1960s and 1970s in U.S. American Hip Hop\" style=\"object-fit:cover;\" srcset=\"https:\/\/www.kipu-verlag.de\/wp-content\/uploads\/Black_Atlantic_Hybrids__Samples_of_Brazilian_Music_of_the_1960s_and_1970s_in_U.S._American_Hip_Hop.webp 316w, https:\/\/www.kipu-verlag.de\/wp-content\/uploads\/Black_Atlantic_Hybrids__Samples_of_Brazilian_Music_of_the_1960s_and_1970s_in_U.S._American_Hip_Hop-190x300.webp 190w, https:\/\/www.kipu-verlag.de\/wp-content\/uploads\/Black_Atlantic_Hybrids__Samples_of_Brazilian_Music_of_the_1960s_and_1970s_in_U.S._American_Hip_Hop-95x150.webp 95w, https:\/\/www.kipu-verlag.de\/wp-content\/uploads\/Black_Atlantic_Hybrids__Samples_of_Brazilian_Music_of_the_1960s_and_1970s_in_U.S._American_Hip_Hop-8x12.webp 8w\" sizes=\"auto, (max-width: 316px) 100vw, 316px\" \/><\/figure>\n\n\n<div class=\"wp-block-group has-global-padding is-layout-constrained wp-block-group-is-layout-constrained\"><h3 class=\"wp-block-post-title has-large-font-size\"><a href=\"https:\/\/www.kipu-verlag.de\/es\/buch\/black-atlantic-hybrids\/\" target=\"_self\" >Black Atlantic Hybrids<\/a><\/h3>\n\n<p>Samples of Brazilian Music of the 1960s and 1970s in U.S. American Hip Hop<\/p>\n<\/div>\n<\/div>\n\n<\/li><li class=\"wp-block-post post-547 buch type-buch status-publish format-standard has-post-thumbnail hentry category-masterarbeiten-interamerikanische-studien tag-belonging tag-caribbean-cultural-studies tag-identity tag-mimicry tag-postcolonial-studies autor_in-kohl-jannik\">\n\n<div class=\"wp-block-group fw-overlay is-layout-flow wp-block-group-is-layout-flow\"><figure class=\"wp-block-post-featured-image\"><img loading=\"lazy\" decoding=\"async\" width=\"316\" height=\"500\" src=\"https:\/\/www.kipu-verlag.de\/wp-content\/uploads\/Mimicry_and_Performative_Negotiations_of_Belonging_in_the_Everyday.webp\" class=\"attachment-post-thumbnail size-post-thumbnail wp-post-image\" alt=\"Mimicry and Performative Negotiations of Belonging in the Everyday. A Synthesized Analysis of Maryse Cond\u00e9\u2019s I, Tituba, Black Witch of Salem\" style=\"object-fit:cover;\" srcset=\"https:\/\/www.kipu-verlag.de\/wp-content\/uploads\/Mimicry_and_Performative_Negotiations_of_Belonging_in_the_Everyday.webp 316w, https:\/\/www.kipu-verlag.de\/wp-content\/uploads\/Mimicry_and_Performative_Negotiations_of_Belonging_in_the_Everyday-190x300.webp 190w, https:\/\/www.kipu-verlag.de\/wp-content\/uploads\/Mimicry_and_Performative_Negotiations_of_Belonging_in_the_Everyday-95x150.webp 95w, https:\/\/www.kipu-verlag.de\/wp-content\/uploads\/Mimicry_and_Performative_Negotiations_of_Belonging_in_the_Everyday-8x12.webp 8w\" sizes=\"auto, (max-width: 316px) 100vw, 316px\" \/><\/figure>\n\n\n<div class=\"wp-block-group has-global-padding is-layout-constrained wp-block-group-is-layout-constrained\"><h3 class=\"wp-block-post-title has-large-font-size\"><a href=\"https:\/\/www.kipu-verlag.de\/es\/buch\/mimicry-and-performative-negotiations-of-belonging-in-the-everyday\/\" target=\"_self\" >Mimicry and Performative Negotiations of Belonging in the Everyday<\/a><\/h3>\n\n<p>A Synthesized Analysis of Maryse Cond\u00e9&#8217;s I, Tituba, Black Witch of Salem<\/p>\n<\/div>\n<\/div>\n\n<\/li><li class=\"wp-block-post post-544 buch type-buch status-publish format-standard has-post-thumbnail hentry category-masterarbeiten-interamerikanische-studien tag-borderland tag-culturas-hibridas tag-frontera tag-literartura autor_in-garcia-ibarra-atahualpa\">\n\n<div class=\"wp-block-group fw-overlay is-layout-flow wp-block-group-is-layout-flow\"><figure class=\"wp-block-post-featured-image\"><img loading=\"lazy\" decoding=\"async\" width=\"316\" height=\"500\" src=\"https:\/\/www.kipu-verlag.de\/wp-content\/uploads\/La_Triple_Frontera.webp\" class=\"attachment-post-thumbnail size-post-thumbnail wp-post-image\" alt=\"La Triple Frontera. Alteridad y frontera en la Literatura entre M\u00e9xico y Guatemala\" style=\"object-fit:cover;\" srcset=\"https:\/\/www.kipu-verlag.de\/wp-content\/uploads\/La_Triple_Frontera.webp 316w, https:\/\/www.kipu-verlag.de\/wp-content\/uploads\/La_Triple_Frontera-190x300.webp 190w, https:\/\/www.kipu-verlag.de\/wp-content\/uploads\/La_Triple_Frontera-95x150.webp 95w, https:\/\/www.kipu-verlag.de\/wp-content\/uploads\/La_Triple_Frontera-8x12.webp 8w\" sizes=\"auto, (max-width: 316px) 100vw, 316px\" \/><\/figure>\n\n\n<div class=\"wp-block-group has-global-padding is-layout-constrained wp-block-group-is-layout-constrained\"><h3 class=\"wp-block-post-title has-large-font-size\"><a href=\"https:\/\/www.kipu-verlag.de\/es\/buch\/la-triple-frontera\/\" target=\"_self\" >La Triple Frontera<\/a><\/h3>\n\n<p>Alteridad y frontera en la Literatura entre M\u00e9xico y Guatemala<\/p>\n<\/div>\n<\/div>\n\n<\/li><\/ul><\/div>\n\n\n\n<div class=\"wp-block-buttons alignwide is-content-justification-left is-layout-flex wp-container-core-buttons-is-layout-fc4fd283 wp-block-buttons-is-layout-flex\">\n<div class=\"wp-block-button is-style-outline is-style-outline--2\"><a class=\"wp-block-button__link wp-element-button\" href=\"\/es\/reihe\/masterarbeiten-interamerikanische-studien\/\">A la serie<\/a><\/div>\n<\/div>\n<\/div>\n<\/div>\n<\/div>\n\n\n\n<section id=\"Rethinking-the-Americas\" class=\"wp-block-group has-global-padding is-layout-constrained wp-block-group-is-layout-constrained\">\n<div class=\"wp-block-cover alignfull is-light fw-card kipu-bg-gray\"><span aria-hidden=\"true\" class=\"wp-block-cover__background has-custom-tertiary-background-color has-background-dim-100 has-background-dim\"><\/span><div class=\"wp-block-cover__inner-container has-global-padding is-layout-constrained wp-block-cover-is-layout-constrained\">\n<div class=\"wp-block-group alignwide has-global-padding is-content-justification-left is-layout-constrained wp-container-core-group-is-layout-12dd3699 wp-block-group-is-layout-constrained\">\n<div class=\"wp-block-group is-layout-flow wp-block-group-is-layout-flow\">\n<h2 class=\"wp-block-heading has-text-align-left h1 fw-color-primary\">Repensar las Americas \/ Rethinking the Americas<\/h2>\n\n\n\n<p class=\"has-text-align-left\">La serie Repensar las Am\u00e9ricas\/Rethinking the Americas est\u00e1 compuesta por monograf\u00edas y vol\u00famenes editados escritas por autorxs individuales o colectivos. Con un enfoque interdisciplinario, los libros abordan cuestiones sociopol\u00edticas hist\u00f3ricas y contempor\u00e1neas en las Am\u00e9ricas.<\/p>\n<\/div>\n<\/div>\n\n\n\n<div class=\"wp-block-group alignwide is-layout-flow wp-block-group-is-layout-flow\">\n<div class=\"wp-block-query hscroller is-layout-flow wp-block-query-is-layout-flow\"><ul class=\"columns-15 wp-block-post-template is-layout-grid wp-container-core-post-template-is-layout-d12c94cb wp-block-post-template-is-layout-grid\"><li class=\"wp-block-post post-1664 buch type-buch status-publish format-standard has-post-thumbnail hentry category-rethinking-the-americas tag-globalgeschichte tag-lateinamerika tag-umweltgeschichte autor_in-volmer-ann-kathrin autor_in-kirsten-kramer autor_in-nino-vallen autor_in-kaltmeier-olaf\">\n\n<div class=\"wp-block-group fw-overlay is-layout-flow wp-block-group-is-layout-flow\"><figure class=\"wp-block-post-featured-image\"><img loading=\"lazy\" decoding=\"async\" width=\"1749\" height=\"2489\" src=\"https:\/\/www.kipu-verlag.de\/wp-content\/uploads\/Coverseite-Rethinking-series-Vol-5-2026.jpg\" class=\"attachment-post-thumbnail size-post-thumbnail wp-post-image\" alt=\"\" style=\"object-fit:cover;\" srcset=\"https:\/\/www.kipu-verlag.de\/wp-content\/uploads\/Coverseite-Rethinking-series-Vol-5-2026.jpg 1749w, https:\/\/www.kipu-verlag.de\/wp-content\/uploads\/Coverseite-Rethinking-series-Vol-5-2026-211x300.jpg 211w, https:\/\/www.kipu-verlag.de\/wp-content\/uploads\/Coverseite-Rethinking-series-Vol-5-2026-720x1024.jpg 720w, https:\/\/www.kipu-verlag.de\/wp-content\/uploads\/Coverseite-Rethinking-series-Vol-5-2026-105x150.jpg 105w, https:\/\/www.kipu-verlag.de\/wp-content\/uploads\/Coverseite-Rethinking-series-Vol-5-2026-768x1093.jpg 768w, https:\/\/www.kipu-verlag.de\/wp-content\/uploads\/Coverseite-Rethinking-series-Vol-5-2026-1079x1536.jpg 1079w, https:\/\/www.kipu-verlag.de\/wp-content\/uploads\/Coverseite-Rethinking-series-Vol-5-2026-1439x2048.jpg 1439w, https:\/\/www.kipu-verlag.de\/wp-content\/uploads\/Coverseite-Rethinking-series-Vol-5-2026-8x12.jpg 8w\" sizes=\"auto, (max-width: 1749px) 100vw, 1749px\" \/><\/figure>\n\n\n<div class=\"wp-block-group has-global-padding is-layout-constrained wp-block-group-is-layout-constrained\"><h3 class=\"wp-block-post-title has-large-font-size\"><a href=\"https:\/\/www.kipu-verlag.de\/es\/buch\/vernacular-worldmaking-and-the-pluriverse\/\" target=\"_self\" >Vernacular Worldmaking and the Pluriverse<\/a><\/h3>\n\n<p>Stories, Practices, and Identities Between Latin America and the Globe<\/p>\n<\/div>\n<\/div>\n\n<\/li><li class=\"wp-block-post post-1496 buch type-buch status-publish format-standard has-post-thumbnail hentry category-rethinking-the-americas tag-entwicklungspolitik tag-globalgeschichte tag-indigenitaet tag-lateinamerika autor_in-martin-breuer\">\n\n<div class=\"wp-block-group fw-overlay is-layout-flow wp-block-group-is-layout-flow\"><figure class=\"wp-block-post-featured-image\"><img loading=\"lazy\" decoding=\"async\" width=\"1783\" height=\"2560\" src=\"https:\/\/www.kipu-verlag.de\/wp-content\/uploads\/Umschlag-rethinking-series-2025-Martin-Breuer-PRINT-BILD-for-Kipu-WEbpage-scaled.jpg\" class=\"attachment-post-thumbnail size-post-thumbnail wp-post-image\" alt=\"\" style=\"object-fit:cover;\" srcset=\"https:\/\/www.kipu-verlag.de\/wp-content\/uploads\/Umschlag-rethinking-series-2025-Martin-Breuer-PRINT-BILD-for-Kipu-WEbpage-scaled.jpg 1783w, https:\/\/www.kipu-verlag.de\/wp-content\/uploads\/Umschlag-rethinking-series-2025-Martin-Breuer-PRINT-BILD-for-Kipu-WEbpage-209x300.jpg 209w, https:\/\/www.kipu-verlag.de\/wp-content\/uploads\/Umschlag-rethinking-series-2025-Martin-Breuer-PRINT-BILD-for-Kipu-WEbpage-713x1024.jpg 713w, https:\/\/www.kipu-verlag.de\/wp-content\/uploads\/Umschlag-rethinking-series-2025-Martin-Breuer-PRINT-BILD-for-Kipu-WEbpage-104x150.jpg 104w, https:\/\/www.kipu-verlag.de\/wp-content\/uploads\/Umschlag-rethinking-series-2025-Martin-Breuer-PRINT-BILD-for-Kipu-WEbpage-768x1103.jpg 768w, https:\/\/www.kipu-verlag.de\/wp-content\/uploads\/Umschlag-rethinking-series-2025-Martin-Breuer-PRINT-BILD-for-Kipu-WEbpage-1070x1536.jpg 1070w, https:\/\/www.kipu-verlag.de\/wp-content\/uploads\/Umschlag-rethinking-series-2025-Martin-Breuer-PRINT-BILD-for-Kipu-WEbpage-1426x2048.jpg 1426w, https:\/\/www.kipu-verlag.de\/wp-content\/uploads\/Umschlag-rethinking-series-2025-Martin-Breuer-PRINT-BILD-for-Kipu-WEbpage-8x12.jpg 8w\" sizes=\"auto, (max-width: 1783px) 100vw, 1783px\" \/><\/figure>\n\n\n<div class=\"wp-block-group has-global-padding is-layout-constrained wp-block-group-is-layout-constrained\"><h3 class=\"wp-block-post-title has-large-font-size\"><a href=\"https:\/\/www.kipu-verlag.de\/es\/buch\/multilaterale-entwicklungspolitik-und-indigenitaet-im-andenraum\/\" target=\"_self\" >Multilaterale Entwicklungspolitik und Indigenit\u00e4t im Andenraum<\/a><\/h3>\n\n<p>Das Programa Indigenista Andino und die Internationale Arbeitsorganisation (1949-1970)<\/p>\n<\/div>\n<\/div>\n\n<\/li><li class=\"wp-block-post post-534 buch type-buch status-publish format-standard has-post-thumbnail hentry category-rethinking-the-americas tag-crisis tag-environment tag-inequalities tag-interdisciplinary-studies tag-intersectionality autor_in-volmer-ann-kathrin autor_in-peters-mario autor_in-kaltmeier-olaf\">\n\n<div class=\"wp-block-group fw-overlay is-layout-flow wp-block-group-is-layout-flow\"><figure class=\"wp-block-post-featured-image\"><img loading=\"lazy\" decoding=\"async\" width=\"352\" height=\"500\" src=\"https:\/\/www.kipu-verlag.de\/wp-content\/uploads\/Environments_of_Inequality__Crises_Conflicts_Comparisons.webp\" class=\"attachment-post-thumbnail size-post-thumbnail wp-post-image\" alt=\"Environments of Inequality. Crises, Conflicts, Comparisons\" style=\"object-fit:cover;\" srcset=\"https:\/\/www.kipu-verlag.de\/wp-content\/uploads\/Environments_of_Inequality__Crises_Conflicts_Comparisons.webp 352w, https:\/\/www.kipu-verlag.de\/wp-content\/uploads\/Environments_of_Inequality__Crises_Conflicts_Comparisons-211x300.webp 211w, https:\/\/www.kipu-verlag.de\/wp-content\/uploads\/Environments_of_Inequality__Crises_Conflicts_Comparisons-106x150.webp 106w, https:\/\/www.kipu-verlag.de\/wp-content\/uploads\/Environments_of_Inequality__Crises_Conflicts_Comparisons-8x12.webp 8w\" sizes=\"auto, (max-width: 352px) 100vw, 352px\" \/><\/figure>\n\n\n<div class=\"wp-block-group has-global-padding is-layout-constrained wp-block-group-is-layout-constrained\"><h3 class=\"wp-block-post-title has-large-font-size\"><a href=\"https:\/\/www.kipu-verlag.de\/es\/buch\/environments-of-inequality-crises-conflicts-comparisons\/\" target=\"_self\" >Environments of Inequality<\/a><\/h3>\n\n<p>Crises, Conflicts, Comparisons<\/p>\n<\/div>\n<\/div>\n\n<\/li><li class=\"wp-block-post post-240 buch type-buch status-publish format-standard has-post-thumbnail hentry category-rethinking-the-americas tag-decolonialidad tag-derechos-humanos tag-peru tag-protesta-social autor_in-bazan-seminario-cesar\">\n\n<div class=\"wp-block-group fw-overlay is-layout-flow wp-block-group-is-layout-flow\"><figure class=\"wp-block-post-featured-image\"><img loading=\"lazy\" decoding=\"async\" width=\"352\" height=\"500\" src=\"https:\/\/www.kipu-verlag.de\/wp-content\/uploads\/2025\/03\/La_justicia_modernacolonial_en_el_Sur-Global.jpeg\" class=\"attachment-post-thumbnail size-post-thumbnail wp-post-image\" alt=\"La justicia moderna\/colonial en el Sur Global. Derecho y sistema de justicia ante una minera china en los andes quechuas\" style=\"object-fit:cover;\" srcset=\"https:\/\/www.kipu-verlag.de\/wp-content\/uploads\/2025\/03\/La_justicia_modernacolonial_en_el_Sur-Global.jpeg 352w, https:\/\/www.kipu-verlag.de\/wp-content\/uploads\/2025\/03\/La_justicia_modernacolonial_en_el_Sur-Global-211x300.jpeg 211w, https:\/\/www.kipu-verlag.de\/wp-content\/uploads\/2025\/03\/La_justicia_modernacolonial_en_el_Sur-Global-106x150.jpeg 106w, https:\/\/www.kipu-verlag.de\/wp-content\/uploads\/2025\/03\/La_justicia_modernacolonial_en_el_Sur-Global-8x12.jpeg 8w\" sizes=\"auto, (max-width: 352px) 100vw, 352px\" \/><\/figure>\n\n\n<div class=\"wp-block-group has-global-padding is-layout-constrained wp-block-group-is-layout-constrained\"><h3 class=\"wp-block-post-title has-large-font-size\"><a href=\"https:\/\/www.kipu-verlag.de\/es\/buch\/la-justicia-modernacolonial-en-el-sur-globa\/\" target=\"_self\" >La justicia moderna\/colonial en el Sur-Global<\/a><\/h3>\n\n<p>Derecho y sistema de justicia ante una minera china en los andes quechuas<\/p>\n<\/div>\n<\/div>\n\n<\/li><li class=\"wp-block-post post-531 buch type-buch status-publish format-standard has-post-thumbnail hentry category-rethinking-the-americas autor_in-simoncic-adrian-tovar autor_in-schaefer-heinrich-wilhelm autor_in-seibert-leif-hagen\">\n\n<div class=\"wp-block-group fw-overlay is-layout-flow wp-block-group-is-layout-flow\"><figure class=\"wp-block-post-featured-image\"><img loading=\"lazy\" decoding=\"async\" width=\"352\" height=\"500\" src=\"https:\/\/www.kipu-verlag.de\/wp-content\/uploads\/Religion_identidad_y_movilizacion_en_contexto_de_crisis.webp\" class=\"attachment-post-thumbnail size-post-thumbnail wp-post-image\" alt=\"Religio\u0301n, identidad y movilizacio\u0301n en contexto de crisis. Herramientas para comprender la praxis religiosa\" style=\"object-fit:cover;\" srcset=\"https:\/\/www.kipu-verlag.de\/wp-content\/uploads\/Religion_identidad_y_movilizacion_en_contexto_de_crisis.webp 352w, https:\/\/www.kipu-verlag.de\/wp-content\/uploads\/Religion_identidad_y_movilizacion_en_contexto_de_crisis-211x300.webp 211w, https:\/\/www.kipu-verlag.de\/wp-content\/uploads\/Religion_identidad_y_movilizacion_en_contexto_de_crisis-106x150.webp 106w, https:\/\/www.kipu-verlag.de\/wp-content\/uploads\/Religion_identidad_y_movilizacion_en_contexto_de_crisis-8x12.webp 8w\" sizes=\"auto, (max-width: 352px) 100vw, 352px\" \/><\/figure>\n\n\n<div class=\"wp-block-group has-global-padding is-layout-constrained wp-block-group-is-layout-constrained\"><h3 class=\"wp-block-post-title has-large-font-size\"><a href=\"https:\/\/www.kipu-verlag.de\/es\/buch\/religion-identidad-y-movilizacion-en-contexto-de-crisis\/\" target=\"_self\" >Religi\u00f3n, identidad y movilizaci\u00f3n en contexto de crisis<\/a><\/h3>\n\n<p>Herramientas para comprender la praxis religiosa<\/p>\n<\/div>\n<\/div>\n\n<\/li><\/ul><\/div>\n<\/div>\n\n\n\n<div class=\"wp-block-buttons alignwide is-content-justification-left is-layout-flex wp-container-core-buttons-is-layout-fc4fd283 wp-block-buttons-is-layout-flex\">\n<div class=\"wp-block-button is-style-outline is-style-outline--3\"><a class=\"wp-block-button__link wp-element-button\" href=\"\/es\/reihe\/rethinking-the-americas\/\">A la serie<\/a><\/div>\n<\/div>\n<\/div><\/div>\n<\/section>\n\n\n\n<section id=\"Unterrichtsmaterialien-Globales-Lernen\" class=\"wp-block-group has-global-padding is-layout-constrained wp-block-group-is-layout-constrained\">\n<div class=\"wp-block-group alignwide has-global-padding is-content-justification-left is-layout-constrained wp-container-core-group-is-layout-12dd3699 wp-block-group-is-layout-constrained\">\n<div class=\"wp-block-group has-global-padding is-content-justification-left is-layout-constrained wp-container-core-group-is-layout-c4d06299 wp-block-group-is-layout-constrained\">\n<h2 class=\"wp-block-heading alignwide has-text-align-left h1 fw-color-primary\">Unterrichtsmaterialien Globales Lernen<\/h2>\n\n\n\n<p>El proyecto \u00abConocimiento sobre las entrelazamientos globales\u00bb del Centro de Estudios Interamericanos (CIAS) de la Universidad de Bielefeld tiene como objetivo establecer un di\u00e1logo entre el mundo acad\u00e9mico, las escuelas y la educaci\u00f3n pol\u00edtica extracurricular. Representantes de estas tres \u00e1reas colaboran para desarrollar materiales did\u00e1cticos sobre el aprendizaje intercultural y global en alem\u00e1n. El resultado son materiales para las clases escolares que est\u00e1n a la vanguardia de la investigaci\u00f3n y se centran en la interdependencia global en relaci\u00f3n con las Am\u00e9ricas. <\/p>\n<\/div>\n<\/div>\n\n\n\n<div class=\"wp-block-group alignwide is-layout-flow wp-block-group-is-layout-flow\">\n<div class=\"wp-block-query hscroller is-layout-flow wp-block-query-is-layout-flow\"><ul class=\"columns-15 wp-block-post-template is-layout-grid wp-container-core-post-template-is-layout-d12c94cb wp-block-post-template-is-layout-grid\"><li class=\"wp-block-post post-806 buch type-buch status-publish format-standard has-post-thumbnail hentry category-unterrichtsmaterialien-globales-lernen tag-erinnerungskultur tag-globale-verflechtung tag-interamerikanische-studien tag-kolumbus tag-unterrichtsmaterialien autor_in-palm-raoul-manuel autor_in-neumann-vanessa\">\n\n<div class=\"wp-block-group fw-overlay is-layout-flow wp-block-group-is-layout-flow\"><figure class=\"wp-block-post-featured-image\"><img loading=\"lazy\" decoding=\"async\" width=\"354\" height=\"500\" src=\"https:\/\/www.kipu-verlag.de\/wp-content\/uploads\/Der_Tag_des_Kolumbus_in_aktuellen_Debatten_der_Erinnerungskulturen_in_den_Amerikas_und_Deutschland.webp\" class=\"attachment-post-thumbnail size-post-thumbnail wp-post-image\" alt=\"Der Tag des Kolumbus in aktuellen Debatten der Erinnerungskulturen in den Amerikas und Deutschland. Eine fachdidaktische Aufbereitung aktueller politischer und historischer Debatten um den Tag des Kolumbus f\u00fcr die Sekundarstufe II.\" style=\"object-fit:cover;\" srcset=\"https:\/\/www.kipu-verlag.de\/wp-content\/uploads\/Der_Tag_des_Kolumbus_in_aktuellen_Debatten_der_Erinnerungskulturen_in_den_Amerikas_und_Deutschland.webp 354w, https:\/\/www.kipu-verlag.de\/wp-content\/uploads\/Der_Tag_des_Kolumbus_in_aktuellen_Debatten_der_Erinnerungskulturen_in_den_Amerikas_und_Deutschland-212x300.webp 212w, https:\/\/www.kipu-verlag.de\/wp-content\/uploads\/Der_Tag_des_Kolumbus_in_aktuellen_Debatten_der_Erinnerungskulturen_in_den_Amerikas_und_Deutschland-106x150.webp 106w, https:\/\/www.kipu-verlag.de\/wp-content\/uploads\/Der_Tag_des_Kolumbus_in_aktuellen_Debatten_der_Erinnerungskulturen_in_den_Amerikas_und_Deutschland-8x12.webp 8w\" sizes=\"auto, (max-width: 354px) 100vw, 354px\" \/><\/figure>\n\n\n<div class=\"wp-block-group has-global-padding is-layout-constrained wp-block-group-is-layout-constrained\"><h3 class=\"wp-block-post-title has-large-font-size\"><a href=\"https:\/\/www.kipu-verlag.de\/es\/buch\/der-tag-des-kolumbus-in-aktuellen-debatten-der-erinnerungskulturen-in-den-amerikas-und-deutschland\/\" target=\"_self\" >Der Tag des Kolumbus in aktuellen Debatten der Erinnerungskulturen in den Amerikas und Deutschland<\/a><\/h3>\n\n<\/div>\n<\/div>\n\n<\/li><li class=\"wp-block-post post-790 buch type-buch status-publish format-standard has-post-thumbnail hentry category-unterrichtsmaterialien-globales-lernen tag-ausserschulische-politische-bildung tag-gender tag-globales-lernen tag-hip-hop autor_in-giebeler-cornelia autor_in-izaguirre-cruz-armando-gonzalez autor_in-schwabe-nicole\">\n\n<div class=\"wp-block-group fw-overlay is-layout-flow wp-block-group-is-layout-flow\"><figure class=\"wp-block-post-featured-image\"><img loading=\"lazy\" decoding=\"async\" width=\"354\" height=\"500\" src=\"https:\/\/www.kipu-verlag.de\/wp-content\/uploads\/Hip_Hop_und_Gendernbsp.webp\" class=\"attachment-post-thumbnail size-post-thumbnail wp-post-image\" alt=\"Hip Hop und Gender. Feministische Perspektiven f\u00fcr die au\u00dferschulische und schulische Bildungsarbeit\" style=\"object-fit:cover;\" srcset=\"https:\/\/www.kipu-verlag.de\/wp-content\/uploads\/Hip_Hop_und_Gendernbsp.webp 354w, https:\/\/www.kipu-verlag.de\/wp-content\/uploads\/Hip_Hop_und_Gendernbsp-212x300.webp 212w, https:\/\/www.kipu-verlag.de\/wp-content\/uploads\/Hip_Hop_und_Gendernbsp-106x150.webp 106w, https:\/\/www.kipu-verlag.de\/wp-content\/uploads\/Hip_Hop_und_Gendernbsp-8x12.webp 8w\" sizes=\"auto, (max-width: 354px) 100vw, 354px\" \/><\/figure>\n\n\n<div class=\"wp-block-group has-global-padding is-layout-constrained wp-block-group-is-layout-constrained\"><h3 class=\"wp-block-post-title has-large-font-size\"><a href=\"https:\/\/www.kipu-verlag.de\/es\/buch\/hip-hop-und-gender\/\" target=\"_self\" >Hip Hop und Gender<\/a><\/h3>\n\n<p>Feministische Perspektiven f\u00fcr die au\u00dferschulische und schulische Bildungsarbeit<\/p>\n<\/div>\n<\/div>\n\n<\/li><li class=\"wp-block-post post-792 buch type-buch status-publish format-standard has-post-thumbnail hentry category-unterrichtsmaterialien-globales-lernen tag-englischunterricht tag-ghetto-brother tag-globales-lernen tag-hip-hop autor_in-damberg-henning\">\n\n<div class=\"wp-block-group fw-overlay is-layout-flow wp-block-group-is-layout-flow\"><figure class=\"wp-block-post-featured-image\"><img loading=\"lazy\" decoding=\"async\" width=\"354\" height=\"500\" src=\"https:\/\/www.kipu-verlag.de\/wp-content\/uploads\/Ghetto_Brother.webp\" class=\"attachment-post-thumbnail size-post-thumbnail wp-post-image\" alt=\"Ghetto Brother. Begleitmaterial zum Einsatz der Graphic Novel \u201aGhetto Brother. Warrior to Peacemaker\u2018 im Englischunterricht in der Sekundarstufe I &amp; II\" style=\"object-fit:cover;\" srcset=\"https:\/\/www.kipu-verlag.de\/wp-content\/uploads\/Ghetto_Brother.webp 354w, https:\/\/www.kipu-verlag.de\/wp-content\/uploads\/Ghetto_Brother-212x300.webp 212w, https:\/\/www.kipu-verlag.de\/wp-content\/uploads\/Ghetto_Brother-106x150.webp 106w, https:\/\/www.kipu-verlag.de\/wp-content\/uploads\/Ghetto_Brother-8x12.webp 8w\" sizes=\"auto, (max-width: 354px) 100vw, 354px\" \/><\/figure>\n\n\n<div class=\"wp-block-group has-global-padding is-layout-constrained wp-block-group-is-layout-constrained\"><h3 class=\"wp-block-post-title has-large-font-size\"><a href=\"https:\/\/www.kipu-verlag.de\/es\/buch\/ghetto-brother\/\" target=\"_self\" >Ghetto Brother<\/a><\/h3>\n\n<p>Begleitmaterial zum Einsatz der Graphic Novel &#8218;Ghetto Brother. Warrior to Peacemaker&#8216; im Englischunterricht in der Sekundarstufe I &#038; II<\/p>\n<\/div>\n<\/div>\n\n<\/li><li class=\"wp-block-post post-788 buch type-buch status-publish format-standard has-post-thumbnail hentry category-unterrichtsmaterialien-globales-lernen tag-gender tag-globales-lernen tag-hip-hop tag-spanischunterricht autor_in-izaguirre-cruz-armando-gonzalez autor_in-schwabe-nicole\">\n\n<div class=\"wp-block-group fw-overlay is-layout-flow wp-block-group-is-layout-flow\"><figure class=\"wp-block-post-featured-image\"><img loading=\"lazy\" decoding=\"async\" width=\"354\" height=\"500\" src=\"https:\/\/www.kipu-verlag.de\/wp-content\/uploads\/Hip_Hop_y_Genero.webp\" class=\"attachment-post-thumbnail size-post-thumbnail wp-post-image\" alt=\"Hip Hop y Genero. Material educativo para una Educaci\u00f3n no sexista\" style=\"object-fit:cover;\" srcset=\"https:\/\/www.kipu-verlag.de\/wp-content\/uploads\/Hip_Hop_y_Genero.webp 354w, https:\/\/www.kipu-verlag.de\/wp-content\/uploads\/Hip_Hop_y_Genero-212x300.webp 212w, https:\/\/www.kipu-verlag.de\/wp-content\/uploads\/Hip_Hop_y_Genero-106x150.webp 106w, https:\/\/www.kipu-verlag.de\/wp-content\/uploads\/Hip_Hop_y_Genero-8x12.webp 8w\" sizes=\"auto, (max-width: 354px) 100vw, 354px\" \/><\/figure>\n\n\n<div class=\"wp-block-group has-global-padding is-layout-constrained wp-block-group-is-layout-constrained\"><h3 class=\"wp-block-post-title has-large-font-size\"><a href=\"https:\/\/www.kipu-verlag.de\/es\/buch\/hip-hop-y-genero\/\" target=\"_self\" >Hip Hop y Genero<\/a><\/h3>\n\n<p>Material educativo para una Educaci\u00f3n no sexista<\/p>\n<\/div>\n<\/div>\n\n<\/li><li class=\"wp-block-post post-766 buch type-buch status-publish format-standard has-post-thumbnail hentry category-unterrichtsmaterialien-globales-lernen tag-19-jahrhundert tag-globalgeschichte tag-lokalgeschichte tag-postkolonial tag-wirtschaft autor_in-frey-barbara autor_in-van-norden-joerg autor_in-schwabe-nicole\">\n\n<div class=\"wp-block-group fw-overlay is-layout-flow wp-block-group-is-layout-flow\"><figure class=\"wp-block-post-featured-image\"><img loading=\"lazy\" decoding=\"async\" width=\"354\" height=\"500\" src=\"https:\/\/www.kipu-verlag.de\/wp-content\/uploads\/Respekt_Ehre_Verdienst__Die_Upmanns_-_Geschichte_eines_globalen_Familienunternehmens.webp\" class=\"attachment-post-thumbnail size-post-thumbnail wp-post-image\" alt=\"Respekt, Ehre, Verdienst? Die Upmanns \u2013 Geschichte eines globalen Familienunternehmens. Unterrichtsbausteine f\u00fcr den Geschichtsunterricht in der Sekundarstufe I\" style=\"object-fit:cover;\" srcset=\"https:\/\/www.kipu-verlag.de\/wp-content\/uploads\/Respekt_Ehre_Verdienst__Die_Upmanns_-_Geschichte_eines_globalen_Familienunternehmens.webp 354w, https:\/\/www.kipu-verlag.de\/wp-content\/uploads\/Respekt_Ehre_Verdienst__Die_Upmanns_-_Geschichte_eines_globalen_Familienunternehmens-212x300.webp 212w, https:\/\/www.kipu-verlag.de\/wp-content\/uploads\/Respekt_Ehre_Verdienst__Die_Upmanns_-_Geschichte_eines_globalen_Familienunternehmens-106x150.webp 106w, https:\/\/www.kipu-verlag.de\/wp-content\/uploads\/Respekt_Ehre_Verdienst__Die_Upmanns_-_Geschichte_eines_globalen_Familienunternehmens-8x12.webp 8w\" sizes=\"auto, (max-width: 354px) 100vw, 354px\" \/><\/figure>\n\n\n<div class=\"wp-block-group has-global-padding is-layout-constrained wp-block-group-is-layout-constrained\"><h3 class=\"wp-block-post-title has-large-font-size\"><a href=\"https:\/\/www.kipu-verlag.de\/es\/buch\/respekt-ehre-verdienst-die-upmanns-geschichte-eines-globalen-familienunternehmens\/\" target=\"_self\" >Respekt, Ehre, Verdienst? Die Upmanns &#8211; Geschichte eines globalen Familienunternehmens<\/a><\/h3>\n\n<p>Unterrichtsbausteine f\u00fcr den Geschichtsunterricht in der Sekundarstufe I<\/p>\n<\/div>\n<\/div>\n\n<\/li><li class=\"wp-block-post post-834 buch type-buch status-publish format-standard has-post-thumbnail hentry category-unterrichtsmaterialien-globales-lernen autor_in-kemner-jochen autor_in-van-norden-joerg autor_in-deile-lars autor_in-barricelli-michele autor_in-kaltmeier-olaf autor_in-popp-susanne\">\n\n<div class=\"wp-block-group fw-overlay is-layout-flow wp-block-group-is-layout-flow\"><figure class=\"wp-block-post-featured-image\"><img loading=\"lazy\" decoding=\"async\" width=\"1024\" height=\"1450\" src=\"https:\/\/www.kipu-verlag.de\/wp-content\/uploads\/Globalgeschichtliche-Perspektiven-und-Globales-Lernen-im-Geschichtsunterricht.-Konzeptionelle-Ueberlegungen-zur-Unterrichtsmaterialien.jpg\" class=\"attachment-post-thumbnail size-post-thumbnail wp-post-image\" alt=\"Globalgeschichtliche Perspektiven und Globales Lernen im Geschichtsunterricht. Konzeptionelle U\u0308berlegungen zur Unterrichtsmaterialien\" style=\"object-fit:cover;\" srcset=\"https:\/\/www.kipu-verlag.de\/wp-content\/uploads\/Globalgeschichtliche-Perspektiven-und-Globales-Lernen-im-Geschichtsunterricht.-Konzeptionelle-Ueberlegungen-zur-Unterrichtsmaterialien.jpg 1024w, https:\/\/www.kipu-verlag.de\/wp-content\/uploads\/Globalgeschichtliche-Perspektiven-und-Globales-Lernen-im-Geschichtsunterricht.-Konzeptionelle-Ueberlegungen-zur-Unterrichtsmaterialien-212x300.jpg 212w, https:\/\/www.kipu-verlag.de\/wp-content\/uploads\/Globalgeschichtliche-Perspektiven-und-Globales-Lernen-im-Geschichtsunterricht.-Konzeptionelle-Ueberlegungen-zur-Unterrichtsmaterialien-723x1024.jpg 723w, https:\/\/www.kipu-verlag.de\/wp-content\/uploads\/Globalgeschichtliche-Perspektiven-und-Globales-Lernen-im-Geschichtsunterricht.-Konzeptionelle-Ueberlegungen-zur-Unterrichtsmaterialien-106x150.jpg 106w, https:\/\/www.kipu-verlag.de\/wp-content\/uploads\/Globalgeschichtliche-Perspektiven-und-Globales-Lernen-im-Geschichtsunterricht.-Konzeptionelle-Ueberlegungen-zur-Unterrichtsmaterialien-768x1088.jpg 768w, https:\/\/www.kipu-verlag.de\/wp-content\/uploads\/Globalgeschichtliche-Perspektiven-und-Globales-Lernen-im-Geschichtsunterricht.-Konzeptionelle-Ueberlegungen-zur-Unterrichtsmaterialien-8x12.jpg 8w\" sizes=\"auto, (max-width: 1024px) 100vw, 1024px\" \/><\/figure>\n\n\n<div class=\"wp-block-group has-global-padding is-layout-constrained wp-block-group-is-layout-constrained\"><h3 class=\"wp-block-post-title has-large-font-size\"><a href=\"https:\/\/www.kipu-verlag.de\/es\/buch\/globalgeschichtliche-perspektiven-und-globales-lernen-im-geschichtsunterricht\/\" target=\"_self\" >Globalgeschichtliche Perspektiven und Globales Lernen im Geschichtsunterricht<\/a><\/h3>\n\n<p>Konzeptionelle Ueberlegungen zur Unterrichtsmaterialienreihe Wissen um globale Verflechtungen<\/p>\n<\/div>\n<\/div>\n\n<\/li><li class=\"wp-block-post post-844 buch type-buch status-publish format-standard has-post-thumbnail hentry category-unterrichtsmaterialien-globales-lernen tag-bne tag-globales-lernen tag-interkulturelles-lernen tag-methoden tag-spanischunterricht autor_in-bueter-mara\">\n\n<div class=\"wp-block-group fw-overlay is-layout-flow wp-block-group-is-layout-flow\"><figure class=\"wp-block-post-featured-image\"><img loading=\"lazy\" decoding=\"async\" width=\"1024\" height=\"1370\" src=\"https:\/\/www.kipu-verlag.de\/wp-content\/uploads\/Globales-Lernen-im-Spanischunterricht.-Eine-Handreichung-fuer-Lehrerinnen-und-Lehrer.jpeg\" class=\"attachment-post-thumbnail size-post-thumbnail wp-post-image\" alt=\"Globales Lernen im Spanischunterricht. Eine Handreichung fu\u0308r Lehrerinnen und Lehrer\" style=\"object-fit:cover;\" srcset=\"https:\/\/www.kipu-verlag.de\/wp-content\/uploads\/Globales-Lernen-im-Spanischunterricht.-Eine-Handreichung-fuer-Lehrerinnen-und-Lehrer.jpeg 1024w, https:\/\/www.kipu-verlag.de\/wp-content\/uploads\/Globales-Lernen-im-Spanischunterricht.-Eine-Handreichung-fuer-Lehrerinnen-und-Lehrer-224x300.jpeg 224w, https:\/\/www.kipu-verlag.de\/wp-content\/uploads\/Globales-Lernen-im-Spanischunterricht.-Eine-Handreichung-fuer-Lehrerinnen-und-Lehrer-765x1024.jpeg 765w, https:\/\/www.kipu-verlag.de\/wp-content\/uploads\/Globales-Lernen-im-Spanischunterricht.-Eine-Handreichung-fuer-Lehrerinnen-und-Lehrer-112x150.jpeg 112w, https:\/\/www.kipu-verlag.de\/wp-content\/uploads\/Globales-Lernen-im-Spanischunterricht.-Eine-Handreichung-fuer-Lehrerinnen-und-Lehrer-768x1028.jpeg 768w, https:\/\/www.kipu-verlag.de\/wp-content\/uploads\/Globales-Lernen-im-Spanischunterricht.-Eine-Handreichung-fuer-Lehrerinnen-und-Lehrer-9x12.jpeg 9w\" sizes=\"auto, (max-width: 1024px) 100vw, 1024px\" \/><\/figure>\n\n\n<div class=\"wp-block-group has-global-padding is-layout-constrained wp-block-group-is-layout-constrained\"><h3 class=\"wp-block-post-title has-large-font-size\"><a href=\"https:\/\/www.kipu-verlag.de\/es\/buch\/globales-lernen-im-spanischunterricht\/\" target=\"_self\" >Globales Lernen im Spanischunterricht<\/a><\/h3>\n\n<p>Eine Handreichung f\u00fcr Lehrerinnen und Lehrer<\/p>\n<\/div>\n<\/div>\n\n<\/li><li class=\"wp-block-post post-742 buch type-buch status-publish format-standard has-post-thumbnail hentry category-unterrichtsmaterialien-globales-lernen tag-geschichte tag-globales-lernen tag-kolonialismus tag-schulunterricht tag-sprache autor_in-kemner-jochen autor_in-pollvogt-nadine\">\n\n<div class=\"wp-block-group fw-overlay is-layout-flow wp-block-group-is-layout-flow\"><figure class=\"wp-block-post-featured-image\"><img loading=\"lazy\" decoding=\"async\" width=\"354\" height=\"500\" src=\"https:\/\/www.kipu-verlag.de\/wp-content\/uploads\/Koloniale_Praegungen_in_Gesellschaft_und_Sprache.webp\" class=\"attachment-post-thumbnail size-post-thumbnail wp-post-image\" alt=\"Koloniale Pra\u0308gungen in Gesellschaft und Sprache. Unterrichtsbausteine f\u00fcr den Themenbereich Kolonialismus in der Sek. I und Sek. II\" style=\"object-fit:cover;\" srcset=\"https:\/\/www.kipu-verlag.de\/wp-content\/uploads\/Koloniale_Praegungen_in_Gesellschaft_und_Sprache.webp 354w, https:\/\/www.kipu-verlag.de\/wp-content\/uploads\/Koloniale_Praegungen_in_Gesellschaft_und_Sprache-212x300.webp 212w, https:\/\/www.kipu-verlag.de\/wp-content\/uploads\/Koloniale_Praegungen_in_Gesellschaft_und_Sprache-106x150.webp 106w, https:\/\/www.kipu-verlag.de\/wp-content\/uploads\/Koloniale_Praegungen_in_Gesellschaft_und_Sprache-8x12.webp 8w\" sizes=\"auto, (max-width: 354px) 100vw, 354px\" \/><\/figure>\n\n\n<div class=\"wp-block-group has-global-padding is-layout-constrained wp-block-group-is-layout-constrained\"><h3 class=\"wp-block-post-title has-large-font-size\"><a href=\"https:\/\/www.kipu-verlag.de\/es\/buch\/koloniale-praegungen-in-gesellschaft-und-sprache\/\" target=\"_self\" >Koloniale Pr\u00e4gungen in Gesellschaft und Sprache<\/a><\/h3>\n\n<p>Unterrichtsbausteine f\u00fcr den Themenbereich Kolonialismus in der Sek. I und Sek. II<\/p>\n<\/div>\n<\/div>\n\n<\/li><li class=\"wp-block-post post-722 buch type-buch status-publish format-standard has-post-thumbnail hentry category-unterrichtsmaterialien-globales-lernen tag-globales-lernen tag-globalgeschichte tag-kalter-krieg tag-krieg-und-frieden tag-lateinamerika autor_in-petersen-mirko autor_in-schwabe-nicole\">\n\n<div class=\"wp-block-group fw-overlay is-layout-flow wp-block-group-is-layout-flow\"><figure class=\"wp-block-post-featured-image\"><img loading=\"lazy\" decoding=\"async\" width=\"354\" height=\"500\" src=\"https:\/\/www.kipu-verlag.de\/wp-content\/uploads\/Kalter_Krieg_in_Lateinamerika.webp\" class=\"attachment-post-thumbnail size-post-thumbnail wp-post-image\" alt=\"Kalter Krieg in Lateinamerika. Unterrichtsbausteine f\u00fcr den Geschichtsunterricht in der Sekundarstufe II\" style=\"object-fit:cover;\" srcset=\"https:\/\/www.kipu-verlag.de\/wp-content\/uploads\/Kalter_Krieg_in_Lateinamerika.webp 354w, https:\/\/www.kipu-verlag.de\/wp-content\/uploads\/Kalter_Krieg_in_Lateinamerika-212x300.webp 212w, https:\/\/www.kipu-verlag.de\/wp-content\/uploads\/Kalter_Krieg_in_Lateinamerika-106x150.webp 106w, https:\/\/www.kipu-verlag.de\/wp-content\/uploads\/Kalter_Krieg_in_Lateinamerika-8x12.webp 8w\" sizes=\"auto, (max-width: 354px) 100vw, 354px\" \/><\/figure>\n\n\n<div class=\"wp-block-group has-global-padding is-layout-constrained wp-block-group-is-layout-constrained\"><h3 class=\"wp-block-post-title has-large-font-size\"><a href=\"https:\/\/www.kipu-verlag.de\/es\/buch\/kalter-krieg-in-lateinamerika\/\" target=\"_self\" >Kalter Krieg in Lateinamerika<\/a><\/h3>\n\n<p>Unterrichtsbausteine f\u00fcr den Geschichtsunterricht in der Sekundarstufe II<\/p>\n<\/div>\n<\/div>\n\n<\/li><li class=\"wp-block-post post-817 buch type-buch status-publish format-standard has-post-thumbnail hentry category-unterrichtsmaterialien-globales-lernen autor_in-tittor-anne autor_in-kemner-jochen autor_in-schwabe-nicole autor_in-kaltmeier-olaf\">\n\n<div class=\"wp-block-group fw-overlay is-layout-flow wp-block-group-is-layout-flow\"><figure class=\"wp-block-post-featured-image\"><img loading=\"lazy\" decoding=\"async\" width=\"312\" height=\"441\" src=\"https:\/\/www.kipu-verlag.de\/wp-content\/uploads\/Interkulturelles-Globales-Lernen-am-Beispiel-der-Amerikas.-Konzeptionelle-Ueberlegungen-zur-Unterrichtsmaterialienreihe-Wissen.jpeg\" class=\"attachment-post-thumbnail size-post-thumbnail wp-post-image\" alt=\"Interkulturelles Globales Lernen am Beispiel der Amerikas. Konzeptionelle U\u0308berlegungen zur Unterrichtsmaterialienreihe\" style=\"object-fit:cover;\" srcset=\"https:\/\/www.kipu-verlag.de\/wp-content\/uploads\/Interkulturelles-Globales-Lernen-am-Beispiel-der-Amerikas.-Konzeptionelle-Ueberlegungen-zur-Unterrichtsmaterialienreihe-Wissen.jpeg 312w, https:\/\/www.kipu-verlag.de\/wp-content\/uploads\/Interkulturelles-Globales-Lernen-am-Beispiel-der-Amerikas.-Konzeptionelle-Ueberlegungen-zur-Unterrichtsmaterialienreihe-Wissen-212x300.jpeg 212w, https:\/\/www.kipu-verlag.de\/wp-content\/uploads\/Interkulturelles-Globales-Lernen-am-Beispiel-der-Amerikas.-Konzeptionelle-Ueberlegungen-zur-Unterrichtsmaterialienreihe-Wissen-106x150.jpeg 106w, https:\/\/www.kipu-verlag.de\/wp-content\/uploads\/Interkulturelles-Globales-Lernen-am-Beispiel-der-Amerikas.-Konzeptionelle-Ueberlegungen-zur-Unterrichtsmaterialienreihe-Wissen-8x12.jpeg 8w\" sizes=\"auto, (max-width: 312px) 100vw, 312px\" \/><\/figure>\n\n\n<div class=\"wp-block-group has-global-padding is-layout-constrained wp-block-group-is-layout-constrained\"><h3 class=\"wp-block-post-title has-large-font-size\"><a href=\"https:\/\/www.kipu-verlag.de\/es\/buch\/interkulturelles-golabes-lernen-am-beispiel-der-amerikas\/\" target=\"_self\" >Interkulturelles Golabes Lernen am Beispiel der Amerikas<\/a><\/h3>\n\n<p>KONZEPTIONELLE \u00dcBERLEGUNGEN<\/p>\n<\/div>\n<\/div>\n\n<\/li><li class=\"wp-block-post post-829 buch type-buch status-publish format-standard has-post-thumbnail hentry category-unterrichtsmaterialien-globales-lernen autor_in-tittor-anne autor_in-kemner-jochen autor_in-schwabe-nicole autor_in-kaltmeier-olaf\">\n\n<div class=\"wp-block-group fw-overlay is-layout-flow wp-block-group-is-layout-flow\"><figure class=\"wp-block-post-featured-image\"><img loading=\"lazy\" decoding=\"async\" width=\"1024\" height=\"1448\" src=\"https:\/\/www.kipu-verlag.de\/wp-content\/uploads\/Entrelazamientos-interamericanos-en-la-ensenanza.-Reflexiones-conceptuales-sobre-la-serie-de-materiales-escolares-Aprendiendo-sobre.jpg\" class=\"attachment-post-thumbnail size-post-thumbnail wp-post-image\" alt=\"Entrelazamientos interamericanos en la ensen\u0303anza. Reflexiones conceptuales sobre la serie de materiales escolares - Aprendiendo sobre\" style=\"object-fit:cover;\" srcset=\"https:\/\/www.kipu-verlag.de\/wp-content\/uploads\/Entrelazamientos-interamericanos-en-la-ensenanza.-Reflexiones-conceptuales-sobre-la-serie-de-materiales-escolares-Aprendiendo-sobre.jpg 1024w, https:\/\/www.kipu-verlag.de\/wp-content\/uploads\/Entrelazamientos-interamericanos-en-la-ensenanza.-Reflexiones-conceptuales-sobre-la-serie-de-materiales-escolares-Aprendiendo-sobre-212x300.jpg 212w, https:\/\/www.kipu-verlag.de\/wp-content\/uploads\/Entrelazamientos-interamericanos-en-la-ensenanza.-Reflexiones-conceptuales-sobre-la-serie-de-materiales-escolares-Aprendiendo-sobre-724x1024.jpg 724w, https:\/\/www.kipu-verlag.de\/wp-content\/uploads\/Entrelazamientos-interamericanos-en-la-ensenanza.-Reflexiones-conceptuales-sobre-la-serie-de-materiales-escolares-Aprendiendo-sobre-106x150.jpg 106w, https:\/\/www.kipu-verlag.de\/wp-content\/uploads\/Entrelazamientos-interamericanos-en-la-ensenanza.-Reflexiones-conceptuales-sobre-la-serie-de-materiales-escolares-Aprendiendo-sobre-768x1086.jpg 768w, https:\/\/www.kipu-verlag.de\/wp-content\/uploads\/Entrelazamientos-interamericanos-en-la-ensenanza.-Reflexiones-conceptuales-sobre-la-serie-de-materiales-escolares-Aprendiendo-sobre-8x12.jpg 8w\" sizes=\"auto, (max-width: 1024px) 100vw, 1024px\" \/><\/figure>\n\n\n<div class=\"wp-block-group has-global-padding is-layout-constrained wp-block-group-is-layout-constrained\"><h3 class=\"wp-block-post-title has-large-font-size\"><a href=\"https:\/\/www.kipu-verlag.de\/es\/buch\/entrelazamientos-interamericanosen-la-ensenanza\/\" target=\"_self\" >Entrelazamientos interamericanos en la ense\u00f1anza<\/a><\/h3>\n\n<p>REFLEXIONES CONCEPTUALES<\/p>\n<\/div>\n<\/div>\n\n<\/li><li class=\"wp-block-post post-613 buch type-buch status-publish format-standard has-post-thumbnail hentry category-unterrichtsmaterialien-globales-lernen tag-chile tag-globales-lernen tag-mapuche tag-memoria-historica tag-spanischunterricht autor_in-schwabe-nicole autor_in-kaltmeier-olaf\">\n\n<div class=\"wp-block-group fw-overlay is-layout-flow wp-block-group-is-layout-flow\"><figure class=\"wp-block-post-featured-image\"><img loading=\"lazy\" decoding=\"async\" width=\"354\" height=\"500\" src=\"https:\/\/www.kipu-verlag.de\/wp-content\/uploads\/\u00bfCachai_Chile__Sociedad._Memoria._Conflictos_actuales.webp\" class=\"attachment-post-thumbnail size-post-thumbnail wp-post-image\" alt=\"\u00bfCachai Chile? Sociedad. Memoria. Conflictos actuales. Unterrichtsbausteine f\u00fcr den Spanischunterricht\" style=\"object-fit:cover;\" srcset=\"https:\/\/www.kipu-verlag.de\/wp-content\/uploads\/\u00bfCachai_Chile__Sociedad._Memoria._Conflictos_actuales.webp 354w, https:\/\/www.kipu-verlag.de\/wp-content\/uploads\/\u00bfCachai_Chile__Sociedad._Memoria._Conflictos_actuales-212x300.webp 212w, https:\/\/www.kipu-verlag.de\/wp-content\/uploads\/\u00bfCachai_Chile__Sociedad._Memoria._Conflictos_actuales-106x150.webp 106w, https:\/\/www.kipu-verlag.de\/wp-content\/uploads\/\u00bfCachai_Chile__Sociedad._Memoria._Conflictos_actuales-8x12.webp 8w\" sizes=\"auto, (max-width: 354px) 100vw, 354px\" \/><\/figure>\n\n\n<div class=\"wp-block-group has-global-padding is-layout-constrained wp-block-group-is-layout-constrained\"><h3 class=\"wp-block-post-title has-large-font-size\"><a href=\"https:\/\/www.kipu-verlag.de\/es\/buch\/cachai-chile-sociedad-memoria-conflictos-actuales\/\" target=\"_self\" >\u00bfCachai Chile? Sociedad. Memoria. Conflictos actuales.<\/a><\/h3>\n\n<p>Unterrichtsbausteine f\u00fcr den Spanischunterricht<\/p>\n<\/div>\n<\/div>\n\n<\/li><li class=\"wp-block-post post-609 buch type-buch status-publish format-standard has-post-thumbnail hentry category-unterrichtsmaterialien-globales-lernen tag-bildungsmaterialien tag-lateinamerika tag-migration tag-schule tag-unterricht autor_in-kemner-jochen\">\n\n<div class=\"wp-block-group fw-overlay is-layout-flow wp-block-group-is-layout-flow\"><figure class=\"wp-block-post-featured-image\"><img loading=\"lazy\" decoding=\"async\" width=\"354\" height=\"500\" src=\"https:\/\/www.kipu-verlag.de\/wp-content\/uploads\/Procesos_migratorios_en_America_Latina.webp\" class=\"attachment-post-thumbnail size-post-thumbnail wp-post-image\" alt=\"Procesos migratorios en Ame\u0301rica Latina. Unterrichtsbausteine f\u00fcr den Themenbereich Migration in den Amerikas f\u00fcr den Spanischunterricht in der Oberstufe\" style=\"object-fit:cover;\" srcset=\"https:\/\/www.kipu-verlag.de\/wp-content\/uploads\/Procesos_migratorios_en_America_Latina.webp 354w, https:\/\/www.kipu-verlag.de\/wp-content\/uploads\/Procesos_migratorios_en_America_Latina-212x300.webp 212w, https:\/\/www.kipu-verlag.de\/wp-content\/uploads\/Procesos_migratorios_en_America_Latina-106x150.webp 106w, https:\/\/www.kipu-verlag.de\/wp-content\/uploads\/Procesos_migratorios_en_America_Latina-8x12.webp 8w\" sizes=\"auto, (max-width: 354px) 100vw, 354px\" \/><\/figure>\n\n\n<div class=\"wp-block-group has-global-padding is-layout-constrained wp-block-group-is-layout-constrained\"><h3 class=\"wp-block-post-title has-large-font-size\"><a href=\"https:\/\/www.kipu-verlag.de\/es\/buch\/procesos-migratorios-en-america-latina\/\" target=\"_self\" >Procesos migratorios en Am\u00e9rica Latina<\/a><\/h3>\n\n<p>Unterrichtsbausteine f\u00fcr den Themenbereich Migration in den Amerikas f\u00fcr den Spanischunterricht in der Oberstufe<\/p>\n<\/div>\n<\/div>\n\n<\/li><li class=\"wp-block-post post-611 buch type-buch status-publish format-standard has-post-thumbnail hentry category-unterrichtsmaterialien-globales-lernen tag-englisch tag-migration tag-schule tag-unterrichtsmaterialien autor_in-kemner-jochen\">\n\n<div class=\"wp-block-group fw-overlay is-layout-flow wp-block-group-is-layout-flow\"><figure class=\"wp-block-post-featured-image\"><img loading=\"lazy\" decoding=\"async\" width=\"354\" height=\"500\" src=\"https:\/\/www.kipu-verlag.de\/wp-content\/uploads\/Immigrant_Nations.webp\" class=\"attachment-post-thumbnail size-post-thumbnail wp-post-image\" alt=\"Immigrant Nations. Teaching Materials on Migration Processes in North America\" style=\"object-fit:cover;\" srcset=\"https:\/\/www.kipu-verlag.de\/wp-content\/uploads\/Immigrant_Nations.webp 354w, https:\/\/www.kipu-verlag.de\/wp-content\/uploads\/Immigrant_Nations-212x300.webp 212w, https:\/\/www.kipu-verlag.de\/wp-content\/uploads\/Immigrant_Nations-106x150.webp 106w, https:\/\/www.kipu-verlag.de\/wp-content\/uploads\/Immigrant_Nations-8x12.webp 8w\" sizes=\"auto, (max-width: 354px) 100vw, 354px\" \/><\/figure>\n\n\n<div class=\"wp-block-group has-global-padding is-layout-constrained wp-block-group-is-layout-constrained\"><h3 class=\"wp-block-post-title has-large-font-size\"><a href=\"https:\/\/www.kipu-verlag.de\/es\/buch\/immigrant-nations\/\" target=\"_self\" >Immigrant Nations<\/a><\/h3>\n\n<p>Teaching Materials on Migration Processes in North America<\/p>\n<\/div>\n<\/div>\n\n<\/li><li class=\"wp-block-post post-604 buch type-buch status-publish format-standard has-post-thumbnail hentry category-unterrichtsmaterialien-globales-lernen tag-natur tag-rohstoffe tag-schlagworte-lateinamerika tag-umwelt tag-unterrichtsmaterialien autor_in-tittor-anne autor_in-schwabe-nicole\">\n\n<div class=\"wp-block-group fw-overlay is-layout-flow wp-block-group-is-layout-flow\"><figure class=\"wp-block-post-featured-image\"><img loading=\"lazy\" decoding=\"async\" width=\"354\" height=\"500\" src=\"https:\/\/www.kipu-verlag.de\/wp-content\/uploads\/Menschen._Nutzen._Natur.webp\" class=\"attachment-post-thumbnail size-post-thumbnail wp-post-image\" alt=\"Menschen. Nutzen. Natur. Zum Umgang mit Rohstoffreichtum in Lateinamerika\" style=\"object-fit:cover;\" srcset=\"https:\/\/www.kipu-verlag.de\/wp-content\/uploads\/Menschen._Nutzen._Natur.webp 354w, https:\/\/www.kipu-verlag.de\/wp-content\/uploads\/Menschen._Nutzen._Natur-212x300.webp 212w, https:\/\/www.kipu-verlag.de\/wp-content\/uploads\/Menschen._Nutzen._Natur-106x150.webp 106w, https:\/\/www.kipu-verlag.de\/wp-content\/uploads\/Menschen._Nutzen._Natur-8x12.webp 8w\" sizes=\"auto, (max-width: 354px) 100vw, 354px\" \/><\/figure>\n\n\n<div class=\"wp-block-group has-global-padding is-layout-constrained wp-block-group-is-layout-constrained\"><h3 class=\"wp-block-post-title has-large-font-size\"><a href=\"https:\/\/www.kipu-verlag.de\/es\/buch\/menschen-nutzen-natur\/\" target=\"_self\" >Menschen. Nutzen. Natur.<\/a><\/h3>\n\n<p>Zum Umgang mit Rohstoffreichtum in Lateinamerika<\/p>\n<\/div>\n<\/div>\n\n<\/li><\/ul><\/div>\n\n\n\n<div class=\"wp-block-buttons is-layout-flex wp-block-buttons-is-layout-flex\">\n<div class=\"wp-block-button is-style-outline is-style-outline--4\"><a class=\"wp-block-button__link wp-element-button\" href=\"\/es\/reihe\/unterrichtsmaterialien-globales-lernen\/\">A la serie<\/a><\/div>\n<\/div>\n<\/div>\n<\/section>\n\n\n\n<section id=\"Afrontar-las-crisis-ambientales\" class=\"wp-block-group has-global-padding is-layout-constrained wp-block-group-is-layout-constrained\">\n<div class=\"wp-block-cover alignfull is-light fw-card kipu-bg-gray\"><span aria-hidden=\"true\" class=\"wp-block-cover__background has-custom-tertiary-background-color has-background-dim-100 has-background-dim\"><\/span><div class=\"wp-block-cover__inner-container has-global-padding is-layout-constrained wp-block-cover-is-layout-constrained\">\n<div class=\"wp-block-group alignwide has-global-padding is-content-justification-left is-layout-constrained wp-container-core-group-is-layout-12dd3699 wp-block-group-is-layout-constrained\">\n<div class=\"wp-block-group is-layout-flow wp-block-group-is-layout-flow\">\n<h2 class=\"wp-block-heading has-text-align-left h1 fw-color-primary\">Afrontar las crisis ambientales<\/h2>\n\n\n\n<p class=\"has-text-align-left\">Editorxs: Olaf Kaltmeier, Eleonora Rohland, Le\u00f3n Enrique \u00c1vila Romero, Gerardo Cham, Virginia Garc\u00eda Acosta, Anthony Goebel McDermott, Ricardo A. Guti\u00e9rrez, Susana Herrera-Lima, Cecilia Ibarra, Sof\u00eda Mendoza Bohne, Elissa Rashkin, Eduardo Relly, Helge Wendt, Adri\u00e1n Gustavo Zarrilli.<\/p>\n<\/div>\n<\/div>\n\n\n\n<div class=\"wp-block-group alignwide is-layout-flow wp-block-group-is-layout-flow\">\n<div class=\"wp-block-query hscroller is-layout-flow wp-block-query-is-layout-flow\"><ul class=\"columns-15 wp-block-post-template is-layout-grid wp-container-core-post-template-is-layout-d12c94cb wp-block-post-template-is-layout-grid\"><li class=\"wp-block-post post-1659 buch type-buch status-publish format-standard has-post-thumbnail hentry category-afrontar-las-crisis-ambientales autor_in-maria-luz-ruffini\">\n\n<div class=\"wp-block-group fw-overlay is-layout-flow wp-block-group-is-layout-flow\"><figure class=\"wp-block-post-featured-image\"><img loading=\"lazy\" decoding=\"async\" width=\"1928\" height=\"2560\" src=\"https:\/\/www.kipu-verlag.de\/wp-content\/uploads\/Vorderseite-Umschlag-Libro03_antropocenoydesafios-scaled.jpg\" class=\"attachment-post-thumbnail size-post-thumbnail wp-post-image\" alt=\"\" style=\"object-fit:cover;\" srcset=\"https:\/\/www.kipu-verlag.de\/wp-content\/uploads\/Vorderseite-Umschlag-Libro03_antropocenoydesafios-scaled.jpg 1928w, https:\/\/www.kipu-verlag.de\/wp-content\/uploads\/Vorderseite-Umschlag-Libro03_antropocenoydesafios-226x300.jpg 226w, https:\/\/www.kipu-verlag.de\/wp-content\/uploads\/Vorderseite-Umschlag-Libro03_antropocenoydesafios-771x1024.jpg 771w, https:\/\/www.kipu-verlag.de\/wp-content\/uploads\/Vorderseite-Umschlag-Libro03_antropocenoydesafios-113x150.jpg 113w, https:\/\/www.kipu-verlag.de\/wp-content\/uploads\/Vorderseite-Umschlag-Libro03_antropocenoydesafios-768x1020.jpg 768w, https:\/\/www.kipu-verlag.de\/wp-content\/uploads\/Vorderseite-Umschlag-Libro03_antropocenoydesafios-1157x1536.jpg 1157w, https:\/\/www.kipu-verlag.de\/wp-content\/uploads\/Vorderseite-Umschlag-Libro03_antropocenoydesafios-1542x2048.jpg 1542w, https:\/\/www.kipu-verlag.de\/wp-content\/uploads\/Vorderseite-Umschlag-Libro03_antropocenoydesafios-9x12.jpg 9w\" sizes=\"auto, (max-width: 1928px) 100vw, 1928px\" \/><\/figure>\n\n\n<div class=\"wp-block-group has-global-padding is-layout-constrained wp-block-group-is-layout-constrained\"><h3 class=\"wp-block-post-title has-large-font-size\"><a href=\"https:\/\/www.kipu-verlag.de\/es\/buch\/antropoceno-y-desafios-tecnopoliticos\/\" target=\"_self\" >Antropoceno y desaf\u00edos (tecno)pol\u00edticos<\/a><\/h3>\n\n<p>Trazas para afrontarlos con respons-habilidad<\/p>\n<\/div>\n<\/div>\n\n<\/li><li class=\"wp-block-post post-1623 buch type-buch status-publish format-standard has-post-thumbnail hentry category-afrontar-las-crisis-ambientales tag-antropoceno tag-globalgeschichte tag-lateinamerika tag-oekologie autor_in-bieke-willem\">\n\n<div class=\"wp-block-group fw-overlay is-layout-flow wp-block-group-is-layout-flow\"><figure class=\"wp-block-post-featured-image\"><img loading=\"lazy\" decoding=\"async\" width=\"1748\" height=\"2480\" src=\"https:\/\/www.kipu-verlag.de\/wp-content\/uploads\/Cover-Agua-Viva-Willem.jpg\" class=\"attachment-post-thumbnail size-post-thumbnail wp-post-image\" alt=\"\" style=\"object-fit:cover;\" srcset=\"https:\/\/www.kipu-verlag.de\/wp-content\/uploads\/Cover-Agua-Viva-Willem.jpg 1748w, https:\/\/www.kipu-verlag.de\/wp-content\/uploads\/Cover-Agua-Viva-Willem-211x300.jpg 211w, https:\/\/www.kipu-verlag.de\/wp-content\/uploads\/Cover-Agua-Viva-Willem-722x1024.jpg 722w, https:\/\/www.kipu-verlag.de\/wp-content\/uploads\/Cover-Agua-Viva-Willem-106x150.jpg 106w, https:\/\/www.kipu-verlag.de\/wp-content\/uploads\/Cover-Agua-Viva-Willem-768x1090.jpg 768w, https:\/\/www.kipu-verlag.de\/wp-content\/uploads\/Cover-Agua-Viva-Willem-1083x1536.jpg 1083w, https:\/\/www.kipu-verlag.de\/wp-content\/uploads\/Cover-Agua-Viva-Willem-1444x2048.jpg 1444w, https:\/\/www.kipu-verlag.de\/wp-content\/uploads\/Cover-Agua-Viva-Willem-8x12.jpg 8w\" sizes=\"auto, (max-width: 1748px) 100vw, 1748px\" \/><\/figure>\n\n\n<div class=\"wp-block-group has-global-padding is-layout-constrained wp-block-group-is-layout-constrained\"><h3 class=\"wp-block-post-title has-large-font-size\"><a href=\"https:\/\/www.kipu-verlag.de\/es\/buch\/agua-viva\/\" target=\"_self\" >Agua viva<\/a><\/h3>\n\n<p>Leer y narrar el Antropoceno<\/p>\n<\/div>\n<\/div>\n\n<\/li><li class=\"wp-block-post post-1445 buch type-buch status-publish format-standard has-post-thumbnail hentry category-afrontar-las-crisis-ambientales tag-antropoceno tag-convivencia-interespecies tag-decolonialidad tag-esteticas-del-cuidado tag-sentipensar autor_in-salamanca-gonzalez-maria-grace\">\n\n<div class=\"wp-block-group fw-overlay is-layout-flow wp-block-group-is-layout-flow\"><figure class=\"wp-block-post-featured-image\"><img loading=\"lazy\" decoding=\"async\" width=\"1897\" height=\"2560\" src=\"https:\/\/www.kipu-verlag.de\/wp-content\/uploads\/BUCHCOVER-Libro01_polifonias-ONLY-COVERPAGE-scaled.jpg\" class=\"attachment-post-thumbnail size-post-thumbnail wp-post-image\" alt=\"\" style=\"object-fit:cover;\" srcset=\"https:\/\/www.kipu-verlag.de\/wp-content\/uploads\/BUCHCOVER-Libro01_polifonias-ONLY-COVERPAGE-scaled.jpg 1897w, https:\/\/www.kipu-verlag.de\/wp-content\/uploads\/BUCHCOVER-Libro01_polifonias-ONLY-COVERPAGE-222x300.jpg 222w, https:\/\/www.kipu-verlag.de\/wp-content\/uploads\/BUCHCOVER-Libro01_polifonias-ONLY-COVERPAGE-759x1024.jpg 759w, https:\/\/www.kipu-verlag.de\/wp-content\/uploads\/BUCHCOVER-Libro01_polifonias-ONLY-COVERPAGE-111x150.jpg 111w, https:\/\/www.kipu-verlag.de\/wp-content\/uploads\/BUCHCOVER-Libro01_polifonias-ONLY-COVERPAGE-768x1036.jpg 768w, https:\/\/www.kipu-verlag.de\/wp-content\/uploads\/BUCHCOVER-Libro01_polifonias-ONLY-COVERPAGE-1138x1536.jpg 1138w, https:\/\/www.kipu-verlag.de\/wp-content\/uploads\/BUCHCOVER-Libro01_polifonias-ONLY-COVERPAGE-1518x2048.jpg 1518w, https:\/\/www.kipu-verlag.de\/wp-content\/uploads\/BUCHCOVER-Libro01_polifonias-ONLY-COVERPAGE-9x12.jpg 9w\" sizes=\"auto, (max-width: 1897px) 100vw, 1897px\" \/><\/figure>\n\n\n<div class=\"wp-block-group has-global-padding is-layout-constrained wp-block-group-is-layout-constrained\"><h3 class=\"wp-block-post-title has-large-font-size\"><a href=\"https:\/\/www.kipu-verlag.de\/es\/buch\/polifonias-del-antropoceno\/\" target=\"_self\" >Polifon\u00edas del Antropoceno<\/a><\/h3>\n\n<p>Las est\u00e9ticas del cuidado como alternativa<\/p>\n<\/div>\n<\/div>\n\n<\/li><\/ul><\/div>\n<\/div>\n\n\n\n<div class=\"wp-block-buttons alignwide is-content-justification-left is-layout-flex wp-container-core-buttons-is-layout-fc4fd283 wp-block-buttons-is-layout-flex\">\n<div class=\"wp-block-button is-style-outline is-style-outline--5\"><a class=\"wp-block-button__link wp-element-button\" href=\"\/es\/reihe\/afrontar-las-crisis-ambientales\/\">A la serie<\/a><\/div>\n<\/div>\n<\/div><\/div>\n<\/section>\n\n\n\n\n\n<p><\/p>","protected":false},"excerpt":{"rendered":"<p>Die Reihen im Kipu-Verlag bilden eine wichtige Moderations- und Kurationsfunktionen ab. \u00dcber Herausgeber*innen werden die thematischen Ausrichtungen gestaltet und die Linie der Ver\u00f6ffentlichungen sichergestellt. Manche Reihen bilden abgeschlossene Forschungsprojekte ab, andere werden laufend bespielt. Masterarbeiten InterAmerikanische Studien Die Reihe Masterarbeiten InterAmerikanische Studien ver\u00f6ffentlicht die alle zwei Jahre pr\u00e4mierten besten Abschlussarbeiten mit interAmerikanischen Perspektiven an der [&hellip;]<\/p>\n","protected":false},"author":2,"featured_media":0,"parent":0,"menu_order":25,"comment_status":"closed","ping_status":"closed","template":"","meta":{"inline_featured_image":false,"footnotes":""},"autor_in":[],"class_list":["post-119","page","type-page","status-publish","hentry"],"_links":{"self":[{"href":"https:\/\/www.kipu-verlag.de\/es\/wp-json\/wp\/v2\/pages\/119","targetHints":{"allow":["GET"]}}],"collection":[{"href":"https:\/\/www.kipu-verlag.de\/es\/wp-json\/wp\/v2\/pages"}],"about":[{"href":"https:\/\/www.kipu-verlag.de\/es\/wp-json\/wp\/v2\/types\/page"}],"author":[{"embeddable":true,"href":"https:\/\/www.kipu-verlag.de\/es\/wp-json\/wp\/v2\/users\/2"}],"replies":[{"embeddable":true,"href":"https:\/\/www.kipu-verlag.de\/es\/wp-json\/wp\/v2\/comments?post=119"}],"version-history":[{"count":113,"href":"https:\/\/www.kipu-verlag.de\/es\/wp-json\/wp\/v2\/pages\/119\/revisions"}],"predecessor-version":[{"id":1578,"href":"https:\/\/www.kipu-verlag.de\/es\/wp-json\/wp\/v2\/pages\/119\/revisions\/1578"}],"wp:attachment":[{"href":"https:\/\/www.kipu-verlag.de\/es\/wp-json\/wp\/v2\/media?parent=119"}],"wp:term":[{"taxonomy":"autor_in","embeddable":true,"href":"https:\/\/www.kipu-verlag.de\/es\/wp-json\/wp\/v2\/autor_in?post=119"}],"curies":[{"name":"wp","href":"https:\/\/api.w.org\/{rel}","templated":true}]}}